{"id":7050,"date":"2025-07-08T17:21:44","date_gmt":"2025-07-08T17:21:44","guid":{"rendered":"https:\/\/innerevolutionschool.com\/modules\/modul-9-istambulda-bilincin-uyanisi\/"},"modified":"2025-07-08T17:21:44","modified_gmt":"2025-07-08T17:21:44","slug":"modul-9-istambulda-bilincin-uyanisi","status":"publish","type":"mep_events","link":"https:\/\/innerevolutionschool.com\/tr\/modules\/modul-9-istambulda-bilincin-uyanisi\/","title":{"rendered":"Mod\u00fcl 9 \u0130stambul&#8217;da Bilincin Uyan\u0131\u015f\u0131"},"content":{"rendered":"<h3><b>Formatif Kolayla\u015ft\u0131r\u0131c\u0131 E\u011fitimi ve Ki\u015fisel Geli\u015fim Mod\u00fcl\u00fc<\/b><\/h3>\n<p class=\"p3\">A <span class=\"s2\"><b>5 g\u00fcnl\u00fck kapsaml\u0131 program<\/b><\/span> (\u00c7ar\u015famba&#8217;dan Pazar&#8217;a) i\u00e7in tasarlanm\u0131\u015ft\u0131r <span class=\"s2\"><b>yeni ba\u015flayanlar<\/b><\/span> kolayla\u015ft\u0131r\u0131c\u0131 olmak veya ki\u015fisel iyile\u015fmelerini derinle\u015ftirmek isteyen ki\u015filer. Bu birle\u015ftirir <span class=\"s2\"><b>inziva tarz\u0131 deneyimler<\/b><\/span> ile <span class=\"s2\"><b>uygulamal\u0131 e\u011fitim<\/b><\/span>dahil olmak \u00fczere: <\/p>\n<ul>\n<li>\n<p class=\"p1\">4<span class=\"s1\"><b> Bitki t\u0131bb\u0131<\/b><\/span> gece seanslar\u0131<\/p>\n<\/li>\n<li>\n<p class=\"p1\"><span class=\"s1\">3 <\/span><b>Bufo Alvarius<\/b><span class=\"s1\"> oturumlar<\/span><\/p>\n<\/li>\n<li>\n<p class=\"p1\"><span class=\"s1\">1 <\/span><b>Wachuma<\/b><span class=\"s1\"> oturum<\/span><\/p>\n<\/li>\n<li>\n<p class=\"p1\">3 <span class=\"s1\"><b>Kamb\u00f3<\/b><\/span> oturumlar<\/p>\n<\/li>\n<li>\n<p class=\"p1\">A\u015fa\u011f\u0131dakiler i\u00e7in denetimli f\u0131rsatlar <span class=\"s1\"><b>uygulama kolayla\u015ft\u0131rma<\/b><b><\/b><\/span><\/p>\n<\/li>\n<li>\n<p class=\"p1\"><span class=\"s1\">Odaklanmak <\/span><b>psikoterap\u00f6tik entegrasyon<\/b><span class=\"s1\">, <\/span><b>kolayla\u015ft\u0131rma becerileri<\/b><span class=\"s1\">ve <\/span><b>ruhani\/\u015famanik \u00f6\u011fretiler<\/b><\/p>\n<\/li>\n<\/ul>\n<p class=\"p1\">T\u00fcm e\u011fitim boyunca, kolayla\u015ft\u0131r\u0131c\u0131n\u0131n ki\u015fisel i\u00e7sel evrimi, \u00f6\u011frenme yolculu\u011funun merkezi bir aya\u011f\u0131 olarak kabul edilir. Ba\u015fkalar\u0131na otantik bir \u015fekilde kolayla\u015ft\u0131r\u0131c\u0131l\u0131k yapmak, \u00f6ncelikle ki\u015finin kendi duygusal manzaralar\u0131, ki\u015fisel tarihi ve ruhsal uyan\u0131\u015f\u0131yla derinlemesine ilgilenmesini gerektirir. Bu d\u00f6ng\u00fc, her bir kat\u0131l\u0131mc\u0131y\u0131 hem ki\u015fisel geli\u015fimlerine hem de bilin\u00e7li alan sahipleri olarak gelecekteki rollerine hizmet eden somutla\u015fm\u0131\u015f bir \u00f6z d\u00f6n\u00fc\u015f\u00fcm deneyimine y\u00f6nlendirmek i\u00e7in tasarlanm\u0131\u015ft\u0131r. <span class=\"s1\"><b>A\u015fk\u0131n Psikoloji <\/b>ve<b> Bilin\u00e7 Okulu <\/b>yakla\u015f\u0131m\u0131<\/span>, bu i\u00e7sel \u00e7al\u0131\u015fman\u0131n temelini olu\u015fturmakta, benli\u011fi ke\u015ffetmek, i\u00e7 dinamikleri anlamak ve ba\u015fkalar\u0131na alan a\u00e7mak i\u00e7in gerekli olan varl\u0131\u011f\u0131, netli\u011fi ve b\u00fct\u00fcnl\u00fc\u011f\u00fc geli\u015ftirmek i\u00e7in yap\u0131land\u0131r\u0131lm\u0131\u015f ancak geni\u015f bir \u00e7er\u00e7eve sunmaktad\u0131r.  <\/p>\n<hr>\n<h3><b>Bilincin Uyan\u0131\u015f\u0131 Entegrasyon ve Kolayla\u015ft\u0131r\u0131c\u0131 Varl\u0131\u011f\u0131 \u00dczerine Derinle\u015fme<\/b><\/h3>\n<p class=\"p3\">Bu e\u011fitim mod\u00fcl\u00fc \u015fu konularda derinle\u015fmektedir<span class=\"s2\"><b> entegrasyon uygulamas\u0131<\/b><\/span> ve <span class=\"s2\"><b>bedenlenmi\u015f mevcudiyet<\/b><\/span> kolayla\u015ft\u0131r\u0131c\u0131n\u0131n.<\/p>\n<ul>\n<li>Otantik liderlik ve bilin\u00e7li rehberlik i\u00e7in bir temel olarak kolayla\u015ft\u0131r\u0131c\u0131n\u0131n kendi i\u00e7sel evrimini destekler.<\/li>\n<li>\n<p class=\"p1\"><span class=\"s1\"><strong>\u0130ntegral t\u0131bb\u0131n <\/strong> nas\u0131l oldu\u011funu ara\u015ft\u0131r\u0131r, <\/span><b>psikoloji, mistisizm ve \u015famanizm<\/b><span class=\"s1\"> kesi\u015fiyor.<\/span><\/p>\n<\/li>\n<li>\n<p class=\"p1\">\u015eunlara odaklan\u0131r <span class=\"s1\"><b>terap\u00f6tik mevcudiyet<\/b><\/span> ve kat\u0131l\u0131mc\u0131lar\u0131 \u015fimdi ve burada tam olarak nas\u0131l dahil edece\u011finizi \u00f6\u011freneceksiniz.<\/p>\n<\/li>\n<\/ul>\n","protected":false},"excerpt":{"rendered":"<p>Formatif Kolayla\u015ft\u0131r\u0131c\u0131 E\u011fitimi ve Ki\u015fisel Geli\u015fim Mod\u00fcl\u00fc A 5 g\u00fcnl\u00fck kapsaml\u0131 program (\u00c7ar\u015famba&#8217;dan Pazar&#8217;a) i\u00e7in tasarlanm\u0131\u015ft\u0131r yeni ba\u015flayanlar kolayla\u015ft\u0131r\u0131c\u0131 olmak veya ki\u015fisel iyile\u015fmelerini derinle\u015ftirmek isteyen ki\u015filer. Bu birle\u015ftirir inziva tarz\u0131 deneyimler ile uygulamal\u0131 e\u011fitimdahil olmak \u00fczere: 4 Bitki t\u0131bb\u0131 gece seanslar\u0131 3 Bufo Alvarius oturumlar 1 Wachuma oturum 3 Kamb\u00f3 oturumlar A\u015fa\u011f\u0131dakiler i\u00e7in denetimli f\u0131rsatlar<a href=\"https:\/\/innerevolutionschool.com\/tr\/modules\/modul-9-istambulda-bilincin-uyanisi\/\" class=\"more-link\"><span class=\"screen-reader-text\">Mod\u00fcl 9 \u0130stambul&#8217;da Bilincin Uyan\u0131\u015f\u0131<\/span><\/a><\/p>\n","protected":false},"featured_media":6602,"template":"","product_cat":[],"mep_cat":[84],"mep_org":[],"mep_tag":[],"class_list":["post-7050","mep_events","type-mep_events","status-publish","has-post-thumbnail","hentry","mep_cat-istanbul"],"event_informations":{"_list_column":[""],"event_list":["a:0:{}"],"related_section_label":[""],"mep_related_event_status":["off"],"_tax_status":["none"],"link_wc_product":["7051"],"check_if_run_once":["1"],"_yoast_wpseo_primary_product_cat":[""],"_sku":[""],"_sold_individually":["no"],"_tax_class":[""],"_virtual":["yes"],"_price":["0"],"_wpml_media_duplicate":["1"],"_wpml_media_featured":["1"],"site-sidebar-layout":["default"],"theme-transparent-header-meta":["default"],"ast-site-content-layout":["default"],"site-content-style":["default"],"site-sidebar-style":["default"],"4 Days_202506180900":["0"],"event_end_date":["2025-09-07"],"event_end_datetime":["2025-09-07 19:00:00"],"event_expire_datetime":["2025-09-07 19:00:00"],"event_start_date":["2025-09-03"],"event_start_datetime":["2025-09-03 09:00:00"],"Full training_202506180900":["0"],"mep_display_slider":["on"],"mep_event_template":["theme-2.php"],"_top_nav_excluded":[""],"_cms_nav_minihome":[""],"_wp_page_template":["default"],"mep_events_extra_prices":["a:1:{i:0;a:4:{s:11:\"option_name\";s:12:\"Ek Oturumlar\";s:12:\"option_price\";s:3:\"160\";s:10:\"option_qty\";s:3:\"100\";s:15:\"option_qty_type\";s:8:\"inputbox\";}}"],"mep_event_day":["a:5:{i:0;a:3:{s:13:\"mep_day_title\";s:35:\"\u00c7ar\u015famba - Var\u0131\u015f ve Oryantasyon\";s:12:\"mep_day_time\";s:0:\"\";s:15:\"mep_day_content\";s:294:\"18:00-19:00 Var\u0131\u015f ve Oda Atama 19:00-19:45 Hafif At\u0131\u015ft\u0131rmal\u0131k ve Gayriresmi Kar\u015f\u0131lama 20:30-21:30 Kar\u015f\u0131lama At\u00f6lyesi: \u0130\u00e7sel Kolayla\u015ft\u0131r\u0131c\u0131n\u0131n Yolu Niyetlerin belirlenmesi, alan\u0131n a\u00e7\u0131lmas\u0131 ve grupla tan\u0131\u015fma 21:30 Gece Oturumu: Atalar\u0131n Ara\u00e7lar\u0131 ile Rehberli Meditasyon\";}i:1;a:3:{s:13:\"mep_day_title\";s:37:\"Per\u015fembe - Temel ve \u0130lk Uygulamalar\";s:12:\"mep_day_time\";s:0:\"\";s:15:\"mep_day_content\";s:483:\"09:00-10:00 Kamb\u00f3 Uygulamas\u0131 (\u0130ste\u011fe ba\u011fl\u0131 - g\u00fcvenlik protokolleri ile y\u00f6nlendirilir)\n10:00-10:45 Kahvalt\u0131\n10:45-12:45 At\u00f6lye \u00c7al\u0131\u015fmas\u0131: \u0130ntegral Sa\u011fl\u0131k Somatik, duygusal, enerjik ve ruhsal sa\u011fl\u0131\u011f\u0131n temelleri\n12:45-14:45 Entegrasyon \u00c7emberi\n14:45-16:00 \u00d6\u011fle Yeme\u011fi\n16:00-18:00 Dinlenme\n18:00-20:00 A\u015fk\u0131n Psikoloji ve Psikoterapi At\u00f6lyesi\n20:00-20:15 Ak\u015fam At\u0131\u015ft\u0131rmal\u0131k Aras\u0131\n20:15-22:15 Bilin\u00e7 Okulu ve Mistisizm Ak\u015fam At\u00f6lyesi\n22:30 Gece Oturumu\";}i:2;a:3:{s:13:\"mep_day_title\";s:26:\"Cuma - Benli\u011fi Ke\u015ffetmek\";s:12:\"mep_day_time\";s:0:\"\";s:15:\"mep_day_content\";s:483:\"09:00-10:00 Kamb\u00f3 Uygulamas\u0131 (\u0130ste\u011fe ba\u011fl\u0131 - g\u00fcvenlik protokolleri ile y\u00f6nlendirilir)\n10:00-10:45 Kahvalt\u0131\n10:45-12:45 At\u00f6lye \u00c7al\u0131\u015fmas\u0131: \u0130ntegral Sa\u011fl\u0131k Somatik, duygusal, enerjik ve ruhsal sa\u011fl\u0131\u011f\u0131n temelleri\n12:45-14:45 Entegrasyon \u00c7emberi\n14:45-16:00 \u00d6\u011fle Yeme\u011fi\n16:00-18:00 Dinlenme\n18:00-20:00 A\u015fk\u0131n Psikoloji ve Psikoterapi At\u00f6lyesi\n20:00-20:15 Ak\u015fam At\u0131\u015ft\u0131rmal\u0131k Aras\u0131\n20:15-22:15 Bilin\u00e7 Okulu ve Mistisizm Ak\u015fam At\u00f6lyesi\n22:30 Gece Oturumu\";}i:3;a:3:{s:13:\"mep_day_title\";s:46:\"Cumartesi - Somutla\u015ft\u0131rma ve Kolayla\u015ft\u0131rma\";s:12:\"mep_day_time\";s:0:\"\";s:15:\"mep_day_content\";s:483:\"09:00-10:00 Kamb\u00f3 Uygulamas\u0131 (\u0130ste\u011fe ba\u011fl\u0131 - g\u00fcvenlik protokolleri ile y\u00f6nlendirilir)\n10:00-10:45 Kahvalt\u0131\n10:45-12:45 At\u00f6lye \u00c7al\u0131\u015fmas\u0131: \u0130ntegral Sa\u011fl\u0131k Somatik, duygusal, enerjik ve ruhsal sa\u011fl\u0131\u011f\u0131n temelleri\n12:45-14:45 Entegrasyon \u00c7emberi\n14:45-16:00 \u00d6\u011fle Yeme\u011fi\n16:00-18:00 Dinlenme\n18:00-20:00 A\u015fk\u0131n Psikoloji ve Psikoterapi At\u00f6lyesi\n20:00-20:15 Ak\u015fam At\u0131\u015ft\u0131rmal\u0131k Aras\u0131\n20:15-22:15 Bilin\u00e7 Okulu ve Mistisizm Ak\u015fam At\u00f6lyesi\n22:30 Gece Oturumu\";}i:4;a:3:{s:13:\"mep_day_title\";s:32:\"Pazar - Entegrasyon ve Kapan\u0131\u015f\";s:12:\"mep_day_time\";s:0:\"\";s:15:\"mep_day_content\";s:127:\"10:30-13:00 Son entegrasyon\n13:00-14:30 Veda Yeme\u011fi\n14:30-16:00 Son \u00c7ember: Benimle ne kalacak?\n16:00'dan itibaren Ayr\u0131l\u0131\u015f\";}}"],"mep_event_faq":["a:16:{i:0;a:2:{s:13:\"mep_faq_title\";s:70:\"Bu e\u011fitim sadece kolayla\u015ft\u0131r\u0131c\u0131 veya terapist adaylar\u0131 i\u00e7in mi?\";s:15:\"mep_faq_content\";s:725:\"<p>Hi\u00e7 de de\u011fil. Bu mod\u00fcl, kolayla\u015ft\u0131r\u0131c\u0131l\u0131k veya terap\u00f6tik \u00e7al\u0131\u015fma ile ilgilenenler i\u00e7in gerekli temelleri sunarken, ayn\u0131 zamanda derin bir ki\u015fisel yolculukta olan bireyler i\u00e7in de tasarlanm\u0131\u015ft\u0131r - kendilerini daha iyi anlamak, ge\u00e7mi\u015f deneyimleri i\u015flemek veya psikoloji ile maneviyat aras\u0131ndaki kesi\u015fimi ke\u015ffetmek isteyenler.<br>Yolunuz ister ba\u015fkalar\u0131na rehberlik etmeye isterse sadece kendinizin daha b\u00fct\u00fcnle\u015fmi\u015f bir versiyonuna do\u011fru ilerlesin, bu e\u011fitim sizi d\u00f6n\u00fc\u015ft\u00fcr\u00fcc\u00fc bir \u00f6z sorgulama, duygusal derinlik ve bedenlenmi\u015f varl\u0131k alan\u0131na ad\u0131m atmaya davet ediyor. Bu, daha sonra kim olaca\u011f\u0131n\u0131zla ilgili de\u011fil, \u015fu anda kiminle tan\u0131\u015fmaya haz\u0131r oldu\u011funuzla ilgili.  <\/p>\n\";}i:1;a:2:{s:13:\"mep_faq_title\";s:99:\"Bu mod\u00fclde entheojenlerin rol\u00fc nedir? Ayahuasca veya di\u011fer ila\u00e7larla ger\u00e7ek seanslar var m\u0131? \";s:15:\"mep_faq_content\";s:442:\"<p>Bu mod\u00fcl ila\u00e7 seanslar\u0131 i\u00e7eren bir inziva de\u011fil, daha ziyade entegrasyona odaklanan bir e\u011fitim mod\u00fcl\u00fcd\u00fcr. Entheojenlerle ilgili ger\u00e7ek ya\u015fam deneyimlerinden yararlanmaktad\u0131r, ancak mod\u00fcl s\u0131ras\u0131nda hi\u00e7bir madde t\u00fcketilmemektedir. Bunun yerine, ki\u015fisel yans\u0131tma, grup s\u00fcre\u00e7leri ve kolayla\u015ft\u0131r\u0131c\u0131 ara\u00e7lar arac\u0131l\u0131\u011f\u0131yla bu deneyimlerle terap\u00f6tik ve ruhsal olarak nas\u0131l \u00e7al\u0131\u015f\u0131laca\u011f\u0131n\u0131 ke\u015ffediyoruz.  <\/p>\n\";}i:2;a:2:{s:13:\"mep_faq_title\";s:94:\"Kat\u0131lmak i\u00e7in daha \u00f6nce ayahuasca veya di\u011fer enteojenlerle deneyimim olmas\u0131 gerekiyor mu?\";s:15:\"mep_faq_content\";s:341:\"<p>\u015eart de\u011fil. \u00d6nceden deneyim sahibi olmak yard\u0131mc\u0131 olabilir, ancak derin bir merak ve \u00f6\u011frenmeye a\u00e7\u0131k olmak temel \u00f6n ko\u015fullard\u0131r. Bu mod\u00fcl, enteojenik s\u00fcre\u00e7lerinde ba\u015fkalar\u0131n\u0131 (arkada\u015flar, m\u00fc\u015fteriler, ortaklar) destekleyen ve terap\u00f6tik entegrasyon konusunda sa\u011flam bir temel isteyen ki\u015filer i\u00e7in de uygundur.  <\/p>\n\";}i:3;a:2:{s:13:\"mep_faq_title\";s:48:\"Bu e\u011fitimde \"entegrasyon\" ile kastedilen nedir?\";s:15:\"mep_faq_content\";s:367:\"<p>Entegrasyon, psychedelics, meditasyon veya zirve deneyimlerinin getirdi\u011fi gibi geni\u015fletilmi\u015f bilin\u00e7 durumlar\u0131n\u0131 anlamland\u0131rma s\u00fcrecini ifade eder. Bu, i\u00e7g\u00f6r\u00fcy\u00fc duygusal, psikolojik ve ruhsal olarak anlaml\u0131 bir de\u011fi\u015fime d\u00f6n\u00fc\u015ft\u00fcrmekle ilgilidir. Psikolojik modeller ve atalar\u0131n bilgelik geleneklerinin bir kombinasyonu ile \u00e7al\u0131\u015f\u0131yoruz.  <\/p>\n\";}i:4;a:2:{s:13:\"mep_faq_title\";s:70:\"Bu e\u011fitim belirli bir din veya ruhani inan\u00e7 sistemine mi dayan\u0131yor?\";s:15:\"mep_faq_content\";s:292:\"<p>Mod\u00fcl dogmatik de\u011fildir ve transpersonel psikoloji, \u015famanizm, mistisizm ve tefekk\u00fcr gelenekleri de dahil olmak \u00fczere \u00e7e\u015fitli kaynaklardan yararlan\u0131r, ancak herhangi bir inanca ba\u011fl\u0131l\u0131k gerektirmez. Vurgu, ideolojiden ziyade ki\u015fisel ke\u015fif ve somutla\u015ft\u0131rma \u00fczerinedir.  <\/p>\n\";}i:5;a:2:{s:13:\"mep_faq_title\";s:42:\"Mod\u00fcl s\u0131ras\u0131nda terapi yapacak m\u0131y\u0131z?\";s:15:\"mep_faq_content\";s:315:\"<p>Evet ama klinik ya da tan\u0131sal anlamda de\u011fil. Deneyim do\u011fas\u0131 gere\u011fi terap\u00f6tiktir: i\u00e7sel par\u00e7alar, duygusal kal\u0131plar, travma dinamikleri ve somatik fark\u0131ndal\u0131k ile \u00e7al\u0131\u015f\u0131r\u0131z. Hem kendini ke\u015ffetmek i\u00e7in bir alan hem de ba\u015fkalar\u0131na e\u015flik etmeyi \u00f6\u011frenenler i\u00e7in bir uygulama alan\u0131d\u0131r.  <\/p>\n\";}i:6;a:2:{s:13:\"mep_faq_title\";s:75:\"Bu mod\u00fcl\u00fc tipik bir ki\u015fisel geli\u015fim at\u00f6lyesinden farkl\u0131 k\u0131lan nedir?\";s:15:\"mep_faq_content\";s:328:\"<p>Bu mod\u00fcl benzersizdir \u00e7\u00fcnk\u00fc i\u00e7sel ke\u015fif ile kolayla\u015ft\u0131r\u0131c\u0131 e\u011fitimi aras\u0131nda k\u00f6pr\u00fc kurar. Bu sadece kendinizi iyile\u015ftirmekle ilgili de\u011fil, ayn\u0131 zamanda b\u00fct\u00fcnl\u00fck, mevcudiyet ve hem psikolojik hem de ruhsal boyutlara duyarl\u0131l\u0131kla ba\u015fkalar\u0131 i\u00e7in nas\u0131l alan tutaca\u011f\u0131n\u0131z\u0131 \u00f6\u011frenmekle ilgilidir. <\/p>\n\";}i:7;a:2:{s:13:\"mep_faq_title\";s:49:\"\u00d6\u011fretilen belirli bir terap\u00f6tik model var m\u0131?\";s:15:\"mep_faq_content\";s:378:\"<p>Tek bir modeli te\u015fvik etmek yerine, a\u015fa\u011f\u0131dakilerden yararlanarak b\u00fct\u00fcnle\u015ftirici bir yakla\u015f\u0131m sunuyoruz:<br>H\u00fcmanistik ve transpersonel psikoloji<br>Travma bilgilendirmeli bak\u0131m<br>Somatik uygulamalar<br>\u015eamanik ve mistik \u00e7er\u00e7eveler<br>Bu, kendi varolu\u015f tarz\u0131n\u0131z\u0131 geli\u015ftirmenize ve yolunuzla en \u00e7ok rezonansa giren ara\u00e7lar\u0131 se\u00e7menize olanak tan\u0131r.<\/p>\n\";}i:8;a:2:{s:13:\"mep_faq_title\";s:32:\"Grup terapisi bile\u015feni var m\u0131?\";s:15:\"mep_faq_content\";s:321:\"<p>Evet. \u00c7al\u0131\u015fmalar\u0131n \u00e7o\u011fu, grup s\u00fcre\u00e7lerini g\u00f6zlemleyece\u011finiz, uygulayaca\u011f\u0131n\u0131z ve kat\u0131laca\u011f\u0131n\u0131z grup dinamiklerinde yap\u0131l\u0131r. Bu, alan\u0131 nas\u0131l okuyaca\u011f\u0131n\u0131z\u0131, duygusal rezonans\u0131 nas\u0131l anlayaca\u011f\u0131n\u0131z\u0131 ve kolektif d\u00f6n\u00fc\u015f\u00fcm\u00fc nas\u0131l destekleyece\u011finizi \u00f6\u011frenmek i\u00e7in \u00e7ok \u00f6nemlidir.  <\/p>\n\";}i:9;a:2:{s:13:\"mep_faq_title\";s:68:\"Sadece bir mod\u00fclden sonra kolayla\u015ft\u0131r\u0131c\u0131l\u0131k yapabilecek miyim?\";s:15:\"mep_faq_content\";s:286:\"<p>Hay\u0131r. Bu, daha b\u00fcy\u00fck bir e\u011fitim yolculu\u011funun bir par\u00e7as\u0131d\u0131r. De\u011ferli i\u00e7g\u00f6r\u00fcler ve ara\u00e7lar kazanacak olsan\u0131z da, kolayla\u015ft\u0131r\u0131c\u0131l\u0131k s\u00fcrekli uygulama, s\u00fcpervizyon ve i\u00e7sel \u00e7al\u0131\u015fma gerektiren bir yoldur. Bu mod\u00fcl temeli olu\u015fturur, son ad\u0131m de\u011fildir.   <\/p>\n\";}i:10;a:2:{s:13:\"mep_faq_title\";s:58:\"Bu deneyime haz\u0131r olup olmad\u0131\u011f\u0131m\u0131 nas\u0131l bilebilirim?\";s:15:\"mep_faq_content\";s:397:\"<p>Kendinizi ke\u015ffetmeye y\u00f6nelik ger\u00e7ek bir \u00e7ekim hissediyorsan\u0131z, derin duygusal ve ruhsal temalar\u0131 ke\u015ffetmeye a\u00e7\u0131ksan\u0131z ve sonunda ba\u015fkalar\u0131na iyile\u015fme yollar\u0131nda e\u015flik etmeye \u00e7a\u011fr\u0131ld\u0131\u011f\u0131n\u0131z\u0131 hissediyorsan\u0131z, buras\u0131 ba\u015flamak i\u00e7in iyi bir yerdir. T\u00fcm cevaplara sahip olman\u0131za gerek yok - sadece varl\u0131k ve d\u00fcr\u00fcstl\u00fckle ortaya \u00e7\u0131kmaya istekli olman\u0131z yeterli. <\/p>\n\";}i:11;a:2:{s:13:\"mep_faq_title\";s:67:\"\"Kolayla\u015ft\u0131r\u0131c\u0131n\u0131n i\u00e7sel evrimi\" derken neyi kastediyorsunuz?\";s:15:\"mep_faq_content\";s:501:\"<p>Kolayla\u015ft\u0131r\u0131c\u0131n\u0131n i\u00e7sel evrimi, bir ki\u015finin \u00f6zg\u00fcnl\u00fck, al\u00e7akg\u00f6n\u00fcll\u00fcl\u00fck ve mevcudiyetle alan tutmas\u0131na olanak tan\u0131yan devam eden ki\u015fisel ve ruhsal geli\u015fimi ifade eder. Bu e\u011fitim, tek ba\u015f\u0131na teknikleri \u00f6\u011frenmekten ziyade, kendi duygusal yaralar\u0131n\u0131z, davran\u0131\u015f kal\u0131plar\u0131n\u0131z ve varolu\u015fsal sorular\u0131n\u0131z \u00fczerinde derinlemesine \u00e7al\u0131\u015fmay\u0131 vurgular. Sadece kendinizle tam olarak tan\u0131\u015farak ba\u015fkalar\u0131na yollar\u0131nda ger\u00e7ekten e\u015flik edebilece\u011finize inan\u0131yoruz.  <\/p>\n\";}i:12;a:2:{s:13:\"mep_faq_title\";s:54:\"A\u015fk\u0131n Psikoloji bu e\u011fitimde nas\u0131l bir rol oynuyor?\";s:15:\"mep_faq_content\";s:449:\"<p>A\u015fk\u0131n Psikoloji, e\u011fitimin temel dayanaklar\u0131ndan biridir. Modern psikolojik i\u00e7g\u00f6r\u00fc ile ruhani ve mistik deneyim aras\u0131nda k\u00f6pr\u00fc kurarak kat\u0131l\u0131mc\u0131lar\u0131n travma ve ego yap\u0131lar\u0131ndan geni\u015flemi\u015f fark\u0131ndal\u0131k hallerine kadar insan bilincinin t\u00fcm spektrumunu anlamalar\u0131na yard\u0131mc\u0131 olur. Kendini sorgulama, i\u00e7sel iyile\u015fme ve b\u00fct\u00fcnle\u015fme i\u00e7in patolojize etmeyen, evrim odakl\u0131 bir \u00e7er\u00e7eveye dayanan pratik ara\u00e7lar sunar.  <\/p>\n\";}i:13;a:2:{s:13:\"mep_faq_title\";s:57:\"Bilin\u00e7 Okulu nedir ve geleneksel terapiden fark\u0131 nedir?\";s:15:\"mep_faq_content\";s:566:\"<p>Bilin\u00e7 Okulu, mistik gelenekleri, ruhani varl\u0131\u011f\u0131 ve bedenlenmi\u015f fark\u0131ndal\u0131\u011f\u0131 derin psikolojik \u00e7al\u0131\u015fmalarla harmanlayan bir yakla\u015f\u0131md\u0131r. Yaln\u0131zca duygular\u0131 ve davran\u0131\u015flar\u0131 anlamaya de\u011fil, zihnin mekanizmalar\u0131n\u0131n ve egonun yan\u0131lsamalar\u0131n\u0131n radikal bir \u015fekilde bilincine varmaya odaklan\u0131r. Uyan\u0131\u015f ve b\u00fct\u00fcnle\u015fme i\u00e7in temel ara\u00e7lar olarak sessizlik, g\u00f6zlem ve i\u00e7sel dinginli\u011fi vurgular. Geleneksel terapinin aksine, benli\u011fin daha derin ve evrensel boyutlar\u0131yla do\u011frudan deneyimsel olarak anla\u015f\u0131lmas\u0131n\u0131 te\u015fvik eder.   <\/p>\n\";}i:14;a:2:{s:13:\"mep_faq_title\";s:104:\"Kolayla\u015ft\u0131r\u0131c\u0131lar i\u00e7in kendi kendine \u00e7al\u0131\u015fma neden bu kadar g\u00fc\u00e7l\u00fc bir \u015fekilde vurgulan\u0131yor?\";s:15:\"mep_faq_content\";s:461:\"<p>\u00c7\u00fcnk\u00fc kolayla\u015ft\u0131r\u0131c\u0131l\u0131k sadece bir rol de\u011fil, bir varolu\u015f halidir. Kendi i\u00e7sel \u00e7al\u0131\u015fmas\u0131n\u0131 yapmam\u0131\u015f bir kolayla\u015ft\u0131r\u0131c\u0131, ba\u015fkalar\u0131n\u0131n s\u00fcre\u00e7lerini bilin\u00e7sizce yans\u0131tma, atlama veya onlara h\u00fckmetme riski ta\u015f\u0131r. Bu e\u011fitim sizi ba\u015fkalar\u0131na rehberlik etmeden \u00f6nce daha net, daha ayaklar\u0131 yere basan ve daha \u015fefkatli bir insan olmaya davet ediyor. Ki\u015fisel s\u00fcre\u00e7 e\u011fitimden ayr\u0131 de\u011fildir; o e\u011fitimin ta kendisidir.   <\/p>\n\";}i:15;a:2:{s:13:\"mep_faq_title\";s:43:\"Dr. Fara kimdir ve e\u011fitimdeki rol\u00fc nedir?\";s:15:\"mep_faq_content\";s:754:\"<p>Dr. Fara, b\u00fct\u00fcnc\u00fcl ve b\u00fct\u00fcnle\u015ftirici t\u0131p alan\u0131nda kapsaml\u0131 e\u011fitim alm\u0131\u015f bir t\u0131p doktorudur ve bu mod\u00fclde hayati bir rol oynamaktad\u0131r. Bat\u0131 t\u0131bb\u0131, atalardan kalma bilgiler, somatik \u015fifa, beslenme ve enerjik fark\u0131ndal\u0131k aras\u0131nda k\u00f6pr\u00fc kuran ayaklar\u0131 yere basan, multidisipliner bir yakla\u015f\u0131m getirerek \u0130ntegral Sa\u011fl\u0131k at\u00f6lyelerini y\u00f6netmektedir. Onun e\u011fitimdeki varl\u0131\u011f\u0131, iyile\u015fmenin biyolojik, duygusal ve ruhsal boyutlar\u0131n\u0131 anlamak isteyenler i\u00e7in \u00e7ok \u00f6nemlidir. Onun rehberli\u011fi, kat\u0131l\u0131mc\u0131lar\u0131 yaln\u0131zca ba\u015fkalar\u0131na bak\u0131m vermede de\u011fil, ayn\u0131 zamanda kendi \u00f6z fark\u0131ndal\u0131klar\u0131n\u0131 derinle\u015ftirmede ve gelecekteki kolayla\u015ft\u0131r\u0131c\u0131lar olarak sa\u011fl\u0131\u011f\u0131 somutla\u015ft\u0131rmada da desteklemektedir.   <\/p>\n\";}}"],"mep_event_ticket_type":["a:2:{i:0;a:10:{s:13:\"option_name_t\";s:6:\"4 G\u00fcn\";s:16:\"option_details_t\";s:358:\"E\u011fitimin bu 4 g\u00fcnl\u00fck versiyonu, program\u0131n temel \u00f6\u011fretilerinin tamam\u0131n\u0131 sunmaya devam ederken, 2 bitki t\u0131bb\u0131 seremonisi ile 3 gecelik s\u00fcr\u00fckleyici s\u00fcreci i\u00e7erir. Zaman k\u0131s\u0131tlamas\u0131 olanlar veya geri d\u00f6nen \u00f6\u011frenciler i\u00e7in ideal olan bu e\u011fitim, terap\u00f6tik entegrasyon ve ruhani kolayla\u015ft\u0131rma d\u00fcnyas\u0131na zengin bir giri\u015f sa\u011flamaktad\u0131r. \";s:14:\"option_price_t\";s:3:\"690\";s:12:\"option_qty_t\";s:2:\"20\";s:12:\"option_rsv_t\";s:1:\"0\";s:20:\"option_default_qty_t\";s:1:\"0\";s:17:\"option_qty_t_type\";s:8:\"inputbox\";s:20:\"option_sale_end_date\";s:10:\"2025-05-23\";s:20:\"option_sale_end_time\";s:5:\"19:00\";s:22:\"option_sale_end_date_t\";s:16:\"2025-05-23 19:00\";}i:1;a:10:{s:13:\"option_name_t\";s:11:\"Tam e\u011fitim\";s:16:\"option_details_t\";s:392:\"Bu 5 g\u00fcnl\u00fck kapsaml\u0131 e\u011fitim, terap\u00f6tik entegrasyon, mistik psikoloji ve bilin\u00e7li kolayla\u015ft\u0131rmay\u0131, 3 rehberli bitki t\u0131bb\u0131 seremonisi de dahil olmak \u00fczere 4 gecelik d\u00f6n\u00fc\u015ft\u00fcr\u00fcc\u00fc i\u00e7sel \u00e7al\u0131\u015fma ile birle\u015ftirir. Aray\u0131c\u0131lar ve alan sahipleri i\u00e7in tasarlanan bu e\u011fitim, geni\u015fletilmi\u015f \u00f6z fark\u0131ndal\u0131k ve bedenlenmi\u015f liderli\u011fe a\u00e7\u0131lan g\u00fc\u00e7l\u00fc bir kap\u0131 sunmaktad\u0131r. \";s:14:\"option_price_t\";s:3:\"920\";s:12:\"option_qty_t\";s:2:\"20\";s:12:\"option_rsv_t\";s:1:\"0\";s:20:\"option_default_qty_t\";s:1:\"0\";s:17:\"option_qty_t_type\";s:8:\"inputbox\";s:20:\"option_sale_end_date\";s:10:\"2025-05-23\";s:20:\"option_sale_end_time\";s:5:\"19:00\";s:22:\"option_sale_end_date_t\";s:16:\"2025-05-23 19:00\";}}"],"mep_event_type":["\u00e7evrimd\u0131\u015f\u0131"],"_thumbnail_id":["6602"],"_wpml_word_count":["367"],"event_upcoming_datetime":["2025-09-07 19:00:00"],"mep_total_seat_left":["0"],"7050_202509030000":["0"],"4 G\u00fcn_202509030000":["0"],"Tam e\u011fitim_202509030000":["0"],"7050_202509030900":["0"],"_elementor_page_assets":["a:0:{}"],"event_feature_image":"https:\/\/innerevolutionschool.com\/wp-content\/uploads\/2025\/07\/IMG_1022.jpg"},"yoast_head":"<!-- This site is optimized with the Yoast SEO plugin v27.5 - https:\/\/yoast.com\/product\/yoast-seo-wordpress\/ -->\n<title>Mod\u00fcl 9 \u0130stambul&#039;da Bilincin Uyan\u0131\u015f\u0131 - Inner Evolution School<\/title>\n<meta name=\"robots\" content=\"index, follow, max-snippet:-1, max-image-preview:large, max-video-preview:-1\" \/>\n<link rel=\"canonical\" href=\"https:\/\/innerevolutionschool.com\/tr\/modules\/modul-9-istambulda-bilincin-uyanisi\/\" \/>\n<meta property=\"og:locale\" content=\"tr_TR\" \/>\n<meta property=\"og:type\" content=\"article\" \/>\n<meta property=\"og:title\" content=\"Mod\u00fcl 9 \u0130stambul&#039;da Bilincin Uyan\u0131\u015f\u0131 - Inner Evolution School\" \/>\n<meta property=\"og:description\" content=\"Formatif Kolayla\u015ft\u0131r\u0131c\u0131 E\u011fitimi ve Ki\u015fisel Geli\u015fim Mod\u00fcl\u00fc A 5 g\u00fcnl\u00fck kapsaml\u0131 program (\u00c7ar\u015famba&#8217;dan Pazar&#8217;a) i\u00e7in tasarlanm\u0131\u015ft\u0131r yeni ba\u015flayanlar kolayla\u015ft\u0131r\u0131c\u0131 olmak veya ki\u015fisel iyile\u015fmelerini derinle\u015ftirmek isteyen ki\u015filer. Bu birle\u015ftirir inziva tarz\u0131 deneyimler ile uygulamal\u0131 e\u011fitimdahil olmak \u00fczere: 4 Bitki t\u0131bb\u0131 gece seanslar\u0131 3 Bufo Alvarius oturumlar 1 Wachuma oturum 3 Kamb\u00f3 oturumlar A\u015fa\u011f\u0131dakiler i\u00e7in denetimli f\u0131rsatlarMod\u00fcl 9 \u0130stambul&#8217;da Bilincin Uyan\u0131\u015f\u0131\" \/>\n<meta property=\"og:url\" content=\"https:\/\/innerevolutionschool.com\/tr\/modules\/modul-9-istambulda-bilincin-uyanisi\/\" \/>\n<meta property=\"og:site_name\" content=\"Inner Evolution School\" \/>\n<meta property=\"og:image\" content=\"https:\/\/innerevolutionschool.com\/wp-content\/uploads\/2025\/07\/IMG_1022.jpg\" \/>\n\t<meta property=\"og:image:width\" content=\"800\" \/>\n\t<meta property=\"og:image:height\" content=\"483\" \/>\n\t<meta property=\"og:image:type\" content=\"image\/jpeg\" \/>\n<meta name=\"twitter:card\" content=\"summary_large_image\" \/>\n<meta name=\"twitter:label1\" content=\"Tahmini okuma s\u00fcresi\" \/>\n\t<meta name=\"twitter:data1\" content=\"2 dakika\" \/>\n<script type=\"application\/ld+json\" class=\"yoast-schema-graph\">{\"@context\":\"https:\\\/\\\/schema.org\",\"@graph\":[{\"@type\":\"WebPage\",\"@id\":\"https:\\\/\\\/innerevolutionschool.com\\\/tr\\\/modules\\\/modul-9-istambulda-bilincin-uyanisi\\\/\",\"url\":\"https:\\\/\\\/innerevolutionschool.com\\\/tr\\\/modules\\\/modul-9-istambulda-bilincin-uyanisi\\\/\",\"name\":\"Mod\u00fcl 9 \u0130stambul'da Bilincin Uyan\u0131\u015f\u0131 - Inner Evolution School\",\"isPartOf\":{\"@id\":\"https:\\\/\\\/innerevolutionschool.com\\\/tr\\\/#website\"},\"primaryImageOfPage\":{\"@id\":\"https:\\\/\\\/innerevolutionschool.com\\\/tr\\\/modules\\\/modul-9-istambulda-bilincin-uyanisi\\\/#primaryimage\"},\"image\":{\"@id\":\"https:\\\/\\\/innerevolutionschool.com\\\/tr\\\/modules\\\/modul-9-istambulda-bilincin-uyanisi\\\/#primaryimage\"},\"thumbnailUrl\":\"https:\\\/\\\/innerevolutionschool.com\\\/wp-content\\\/uploads\\\/2025\\\/07\\\/IMG_1022.jpg\",\"datePublished\":\"2025-07-08T17:21:44+00:00\",\"breadcrumb\":{\"@id\":\"https:\\\/\\\/innerevolutionschool.com\\\/tr\\\/modules\\\/modul-9-istambulda-bilincin-uyanisi\\\/#breadcrumb\"},\"inLanguage\":\"tr\",\"potentialAction\":[{\"@type\":\"ReadAction\",\"target\":[\"https:\\\/\\\/innerevolutionschool.com\\\/tr\\\/modules\\\/modul-9-istambulda-bilincin-uyanisi\\\/\"]}]},{\"@type\":\"ImageObject\",\"inLanguage\":\"tr\",\"@id\":\"https:\\\/\\\/innerevolutionschool.com\\\/tr\\\/modules\\\/modul-9-istambulda-bilincin-uyanisi\\\/#primaryimage\",\"url\":\"https:\\\/\\\/innerevolutionschool.com\\\/wp-content\\\/uploads\\\/2025\\\/07\\\/IMG_1022.jpg\",\"contentUrl\":\"https:\\\/\\\/innerevolutionschool.com\\\/wp-content\\\/uploads\\\/2025\\\/07\\\/IMG_1022.jpg\",\"width\":800,\"height\":483},{\"@type\":\"BreadcrumbList\",\"@id\":\"https:\\\/\\\/innerevolutionschool.com\\\/tr\\\/modules\\\/modul-9-istambulda-bilincin-uyanisi\\\/#breadcrumb\",\"itemListElement\":[{\"@type\":\"ListItem\",\"position\":1,\"name\":\"Home\",\"item\":\"https:\\\/\\\/innerevolutionschool.com\\\/tr\\\/icsel-evrim-okulu-ies\\\/\"},{\"@type\":\"ListItem\",\"position\":2,\"name\":\"Mod\u00fcl 9 \u0130stambul&#8217;da Bilincin Uyan\u0131\u015f\u0131\"}]},{\"@type\":\"WebSite\",\"@id\":\"https:\\\/\\\/innerevolutionschool.com\\\/tr\\\/#website\",\"url\":\"https:\\\/\\\/innerevolutionschool.com\\\/tr\\\/\",\"name\":\"Inner Evolution School\",\"description\":\"An innovative training model dedicated to the science of the internal.\",\"publisher\":{\"@id\":\"https:\\\/\\\/innerevolutionschool.com\\\/tr\\\/#organization\"},\"potentialAction\":[{\"@type\":\"SearchAction\",\"target\":{\"@type\":\"EntryPoint\",\"urlTemplate\":\"https:\\\/\\\/innerevolutionschool.com\\\/tr\\\/?s={search_term_string}\"},\"query-input\":{\"@type\":\"PropertyValueSpecification\",\"valueRequired\":true,\"valueName\":\"search_term_string\"}}],\"inLanguage\":\"tr\"},{\"@type\":\"Organization\",\"@id\":\"https:\\\/\\\/innerevolutionschool.com\\\/tr\\\/#organization\",\"name\":\"Inner Evolution School\",\"url\":\"https:\\\/\\\/innerevolutionschool.com\\\/tr\\\/\",\"logo\":{\"@type\":\"ImageObject\",\"inLanguage\":\"tr\",\"@id\":\"https:\\\/\\\/innerevolutionschool.com\\\/tr\\\/#\\\/schema\\\/logo\\\/image\\\/\",\"url\":\"https:\\\/\\\/innerevolutionschool.com\\\/wp-content\\\/uploads\\\/2025\\\/03\\\/hero-inner-evolution-school.png\",\"contentUrl\":\"https:\\\/\\\/innerevolutionschool.com\\\/wp-content\\\/uploads\\\/2025\\\/03\\\/hero-inner-evolution-school.png\",\"width\":1456,\"height\":816,\"caption\":\"Inner Evolution School\"},\"image\":{\"@id\":\"https:\\\/\\\/innerevolutionschool.com\\\/tr\\\/#\\\/schema\\\/logo\\\/image\\\/\"}}]}<\/script>\n<!-- \/ Yoast SEO plugin. -->","yoast_head_json":{"title":"Mod\u00fcl 9 \u0130stambul'da Bilincin Uyan\u0131\u015f\u0131 - Inner Evolution School","robots":{"index":"index","follow":"follow","max-snippet":"max-snippet:-1","max-image-preview":"max-image-preview:large","max-video-preview":"max-video-preview:-1"},"canonical":"https:\/\/innerevolutionschool.com\/tr\/modules\/modul-9-istambulda-bilincin-uyanisi\/","og_locale":"tr_TR","og_type":"article","og_title":"Mod\u00fcl 9 \u0130stambul'da Bilincin Uyan\u0131\u015f\u0131 - Inner Evolution School","og_description":"Formatif Kolayla\u015ft\u0131r\u0131c\u0131 E\u011fitimi ve Ki\u015fisel Geli\u015fim Mod\u00fcl\u00fc A 5 g\u00fcnl\u00fck kapsaml\u0131 program (\u00c7ar\u015famba&#8217;dan Pazar&#8217;a) i\u00e7in tasarlanm\u0131\u015ft\u0131r yeni ba\u015flayanlar kolayla\u015ft\u0131r\u0131c\u0131 olmak veya ki\u015fisel iyile\u015fmelerini derinle\u015ftirmek isteyen ki\u015filer. Bu birle\u015ftirir inziva tarz\u0131 deneyimler ile uygulamal\u0131 e\u011fitimdahil olmak \u00fczere: 4 Bitki t\u0131bb\u0131 gece seanslar\u0131 3 Bufo Alvarius oturumlar 1 Wachuma oturum 3 Kamb\u00f3 oturumlar A\u015fa\u011f\u0131dakiler i\u00e7in denetimli f\u0131rsatlarMod\u00fcl 9 \u0130stambul&#8217;da Bilincin Uyan\u0131\u015f\u0131","og_url":"https:\/\/innerevolutionschool.com\/tr\/modules\/modul-9-istambulda-bilincin-uyanisi\/","og_site_name":"Inner Evolution School","og_image":[{"width":800,"height":483,"url":"https:\/\/innerevolutionschool.com\/wp-content\/uploads\/2025\/07\/IMG_1022.jpg","type":"image\/jpeg"}],"twitter_card":"summary_large_image","twitter_misc":{"Tahmini okuma s\u00fcresi":"2 dakika"},"schema":{"@context":"https:\/\/schema.org","@graph":[{"@type":"WebPage","@id":"https:\/\/innerevolutionschool.com\/tr\/modules\/modul-9-istambulda-bilincin-uyanisi\/","url":"https:\/\/innerevolutionschool.com\/tr\/modules\/modul-9-istambulda-bilincin-uyanisi\/","name":"Mod\u00fcl 9 \u0130stambul'da Bilincin Uyan\u0131\u015f\u0131 - Inner Evolution School","isPartOf":{"@id":"https:\/\/innerevolutionschool.com\/tr\/#website"},"primaryImageOfPage":{"@id":"https:\/\/innerevolutionschool.com\/tr\/modules\/modul-9-istambulda-bilincin-uyanisi\/#primaryimage"},"image":{"@id":"https:\/\/innerevolutionschool.com\/tr\/modules\/modul-9-istambulda-bilincin-uyanisi\/#primaryimage"},"thumbnailUrl":"https:\/\/innerevolutionschool.com\/wp-content\/uploads\/2025\/07\/IMG_1022.jpg","datePublished":"2025-07-08T17:21:44+00:00","breadcrumb":{"@id":"https:\/\/innerevolutionschool.com\/tr\/modules\/modul-9-istambulda-bilincin-uyanisi\/#breadcrumb"},"inLanguage":"tr","potentialAction":[{"@type":"ReadAction","target":["https:\/\/innerevolutionschool.com\/tr\/modules\/modul-9-istambulda-bilincin-uyanisi\/"]}]},{"@type":"ImageObject","inLanguage":"tr","@id":"https:\/\/innerevolutionschool.com\/tr\/modules\/modul-9-istambulda-bilincin-uyanisi\/#primaryimage","url":"https:\/\/innerevolutionschool.com\/wp-content\/uploads\/2025\/07\/IMG_1022.jpg","contentUrl":"https:\/\/innerevolutionschool.com\/wp-content\/uploads\/2025\/07\/IMG_1022.jpg","width":800,"height":483},{"@type":"BreadcrumbList","@id":"https:\/\/innerevolutionschool.com\/tr\/modules\/modul-9-istambulda-bilincin-uyanisi\/#breadcrumb","itemListElement":[{"@type":"ListItem","position":1,"name":"Home","item":"https:\/\/innerevolutionschool.com\/tr\/icsel-evrim-okulu-ies\/"},{"@type":"ListItem","position":2,"name":"Mod\u00fcl 9 \u0130stambul&#8217;da Bilincin Uyan\u0131\u015f\u0131"}]},{"@type":"WebSite","@id":"https:\/\/innerevolutionschool.com\/tr\/#website","url":"https:\/\/innerevolutionschool.com\/tr\/","name":"Inner Evolution School","description":"An innovative training model dedicated to the science of the internal.","publisher":{"@id":"https:\/\/innerevolutionschool.com\/tr\/#organization"},"potentialAction":[{"@type":"SearchAction","target":{"@type":"EntryPoint","urlTemplate":"https:\/\/innerevolutionschool.com\/tr\/?s={search_term_string}"},"query-input":{"@type":"PropertyValueSpecification","valueRequired":true,"valueName":"search_term_string"}}],"inLanguage":"tr"},{"@type":"Organization","@id":"https:\/\/innerevolutionschool.com\/tr\/#organization","name":"Inner Evolution School","url":"https:\/\/innerevolutionschool.com\/tr\/","logo":{"@type":"ImageObject","inLanguage":"tr","@id":"https:\/\/innerevolutionschool.com\/tr\/#\/schema\/logo\/image\/","url":"https:\/\/innerevolutionschool.com\/wp-content\/uploads\/2025\/03\/hero-inner-evolution-school.png","contentUrl":"https:\/\/innerevolutionschool.com\/wp-content\/uploads\/2025\/03\/hero-inner-evolution-school.png","width":1456,"height":816,"caption":"Inner Evolution School"},"image":{"@id":"https:\/\/innerevolutionschool.com\/tr\/#\/schema\/logo\/image\/"}}]}},"_links":{"self":[{"href":"https:\/\/innerevolutionschool.com\/tr\/wp-json\/wp\/v2\/mep_events\/7050","targetHints":{"allow":["GET"]}}],"collection":[{"href":"https:\/\/innerevolutionschool.com\/tr\/wp-json\/wp\/v2\/mep_events"}],"about":[{"href":"https:\/\/innerevolutionschool.com\/tr\/wp-json\/wp\/v2\/types\/mep_events"}],"version-history":[{"count":0,"href":"https:\/\/innerevolutionschool.com\/tr\/wp-json\/wp\/v2\/mep_events\/7050\/revisions"}],"wp:featuredmedia":[{"embeddable":true,"href":"https:\/\/innerevolutionschool.com\/tr\/wp-json\/wp\/v2\/media\/6602"}],"wp:attachment":[{"href":"https:\/\/innerevolutionschool.com\/tr\/wp-json\/wp\/v2\/media?parent=7050"}],"wp:term":[{"taxonomy":"product_cat","embeddable":true,"href":"https:\/\/innerevolutionschool.com\/tr\/wp-json\/wp\/v2\/product_cat?post=7050"},{"taxonomy":"mep_cat","embeddable":true,"href":"https:\/\/innerevolutionschool.com\/tr\/wp-json\/wp\/v2\/mep_cat?post=7050"},{"taxonomy":"mep_org","embeddable":true,"href":"https:\/\/innerevolutionschool.com\/tr\/wp-json\/wp\/v2\/mep_org?post=7050"},{"taxonomy":"mep_tag","embeddable":true,"href":"https:\/\/innerevolutionschool.com\/tr\/wp-json\/wp\/v2\/mep_tag?post=7050"}],"curies":[{"name":"wp","href":"https:\/\/api.w.org\/{rel}","templated":true}]}}