{"id":7825,"date":"2025-09-02T02:36:58","date_gmt":"2025-09-02T02:36:58","guid":{"rendered":"https:\/\/innerevolutionschool.com\/?post_type=mep_events&#038;p=7825"},"modified":"2025-09-02T02:36:58","modified_gmt":"2025-09-02T02:36:58","slug":"modulo-10-migracion-transitar-lo-desconocido-con-la-geometria-sagrada-4","status":"publish","type":"mep_events","link":"https:\/\/innerevolutionschool.com\/es\/modules\/modulo-10-migracion-transitar-lo-desconocido-con-la-geometria-sagrada-4\/","title":{"rendered":"M\u00f3dulo 10 Migraci\u00f3n: Transitar lo Desconocido con la Geometr\u00eda Sagrada"},"content":{"rendered":"\n<p class=\"p1\"><b>Introducci\u00f3n<\/b><\/p>\n\n<p>In this module, we continue deepening our exploration of the Tree of Life, now discovering a more practical way to apply it in both facilitation and personal discovery.<\/p>\n\n<p>Emotional Geometry is introduced as a new tool that integrates the emotional dimensions of the Tree of Life (the sephirot), the Internal Family Systems (IFS) model, and the therapeutic triangle (strategy\u2013wound\u2013cost).<\/p>\n\n<p>Through the lens of sacred geometry and the geometry of the Tree of Life, students will learn to map emotional states, identify protective strategies, and recognize underlying wounds with clarity. This approach offers facilitators, integrators, and aspiring therapists a concrete framework to support integration work while cultivating deeper self-awareness in their own process.<\/p>\n\n<p>Alongside theoretical learning, this module includes <strong>facilitation practice and the opportunity to work directly with plant medicines<\/strong>. For this session, we will have a <strong>special medicine from a Yagesero shaman from Colombia<\/strong>, creating a unique setting for applied learning and integration.<\/p>\n\n<p><strong>Objective<\/strong><\/p>\n\n<p>Al final del m\u00f3dulo, los estudiantes:<\/p>\n\n<ul class=\"wp-block-list\">\n<li>Understand the foundations of Emotional Geometry as an integration tool.<\/li>\n\n\n\n<li>Learn to map inner states through the Tree of Life and the IFS model.<\/li>\n\n\n\n<li>Use the Strategy\u2013Wound\u2013Cost triangle as a compass to decode survival patterns.<\/li>\n\n\n\n<li>Explore emotional geometry as a universal language of balance and transformation.<\/li>\n\n\n\n<li>Practice applying the model in self-exploration, peer sessions, and real-case applications.<\/li>\n\n\n\n<li>Engage in facilitation practice supported by the plant medicine experience, under guidance and supervision.<\/li>\n<\/ul>\n\n<h3 class=\"wp-block-heading\"><b>Temas principales<\/b><\/h3>\n\n<ul class=\"wp-block-list\">\n<li><p class=\"p1\"><b>The Tree of Life as a map of emotion and consciousness:<\/b> The sefirot as archetypes of development, imbalance, and transformation.<\/p><\/li>\n\n\n\n<li><p class=\"p1\"><b>IFS and the geometry of parts:<\/b> Protectors and Exiles as nodes; the Self as the axis of coherence.<\/p><\/li>\n\n\n\n<li><p class=\"p1\"><b>The Strategy\u2013Wound\u2013Cost Triangle<\/b>: A simple tool to understand how protective patterns originate and sustain themselves.<\/p><\/li>\n\n\n\n<li><p class=\"p1\"><b>Practical Mapping<\/b>: Visual representations of parts, imbalances, and integration pathways.<\/p><\/li>\n\n\n\n<li><p class=\"p1\"><b>Emotional Geometry &amp; Spiritual Evolution<\/b>: Understanding emotions and parts as geometric patterns that reveal the dynamic between fear, trust, and coherence.<\/p><\/li>\n<\/ul>\n\n<h3 class=\"wp-block-heading\"><b>Enfoque del proceso personal<\/b><\/h3>\n\n<p class=\"p1\">Los alumnos crear\u00e1n sus propios mapas emocionales, identificando las partes dominantes, las heridas subyacentes y los costes generados por las estrategias adaptativas. A trav\u00e9s de pr\u00e1cticas de Focusing y exploraci\u00f3n som\u00e1tica, aprender\u00e1n a reconocer la geometr\u00eda de cada estado emocional en el cuerpo y a restaurar la centralidad del Yo como eje integrador. <\/p>\n\n<h3 class=\"wp-block-heading\"><b>Enfoque de integraci\u00f3n terap\u00e9utica<\/b><\/h3>\n\n<p class=\"p1\">Este m\u00f3dulo capacita a los participantes para utilizar la Geometr\u00eda Emocional como herramienta de facilitaci\u00f3n:<\/p>\n\n<ul class=\"wp-block-list\">\n<li><p class=\"p1\">Mapa del estado actual de un participante en el \u00c1rbol de la Vida.<\/p><\/li>\n\n\n\n<li><p class=\"p1\">Reconocer a los protectores inconscientes y su relaci\u00f3n con las heridas exiliadas.<\/p><\/li>\n\n\n\n<li><p class=\"p1\">Identificar los desequilibrios sefir\u00f3ticos como patrones energ\u00e9ticos.<\/p><\/li>\n\n\n\n<li><p class=\"p1\">Utilizar el mapa para dar a los participantes una visi\u00f3n clara de su proceso y de las v\u00edas hacia una mayor coherencia.<\/p><\/li>\n<\/ul>\n\n<h3 class=\"wp-block-heading\"><b>Programa (mi\u00e9rcoles &#8211; domingo)<\/b><\/h3>\n\n<p class=\"p4\"><b>Mi\u00e9rcoles por la tarde<\/b><b><\/b><\/p>\n\n<ul class=\"wp-block-list\">\n<li><p class=\"p1\">C\u00edrculo de apertura: establecimiento de intenciones e introducci\u00f3n a la Geometr\u00eda Emocional<\/p><\/li>\n\n\n\n<li><p class=\"p1\">Introducci\u00f3n: el \u00c1rbol de la Vida y la geometr\u00eda sagrada como mapas del yo<\/p><\/li>\n<\/ul>\n\n<p class=\"p4\"><b>Jueves<\/b><b><\/b><\/p>\n\n<ul class=\"wp-block-list\">\n<li><p class=\"p1\"><span class=\"s1\"><b>Morning<\/b><\/span>: Integral Health Workshop and Kambo Practice <\/p><\/li>\n\n\n\n<li><p class=\"p1\"><span class=\"s1\"><b>Mediod\u00eda<\/b><\/span>: <span style=\"color: initial;\">Pr\u00e1cticas de integraci\u00f3n<\/span><\/p><\/li>\n\n\n\n<li><p class=\"p1\"><span class=\"s1\"><b>Afternoon<\/b><\/span>: IFS Foundations,  <\/p><p class=\"p1\">Self, Protectors, and Exiles<\/p><span style=\"font-size: revert; color: initial;\">Self-mapping exercise \u2013 drawing one\u2019s inner geometry<\/span> The Strategy\u2013Wound\u2013Cost triangle<\/li>\n\n\n\n<li><p class=\"p1\"><span class=\"s1\"><b>Evening<\/b><\/span>: Conscious School Workshop<\/p> <\/li>\n<\/ul>\n\n<p class=\"p4\"><b>Viernes<\/b><b><\/b><\/p>\n\n<ul class=\"wp-block-list\">\n<li><p class=\"p1\"><span class=\"s1\"><b>Morning<\/b><\/span>: <\/p>Integral Health and Kambo Practice<\/li>\n\n\n\n<li><p class=\"p1\"><span class=\"s1\"><b>Mediod\u00eda<\/b><\/span>: <span style=\"color: initial;\">Pr\u00e1cticas de integraci\u00f3n<\/span><\/p><\/li>\n\n\n\n<li><p class=\"p1\"><span class=\"s1\"><b>Buenas tardes<\/b><\/span>: \u00c1rbol de la Vida e IFS &#8211; superposici\u00f3n de mapasTrabajo en equipo &#8211; mapeo de un protector a trav\u00e9s del tri\u00e1ngulo<\/p><\/li>\n\n\n\n<li><p class=\"p1\"><span class=\"s1\"><b>Evening<\/b><\/span>: Conscious School Workshop and Evening Session<\/p> Practice<\/li>\n<\/ul>\n\n<p class=\"p4\"><b>S\u00e1bado<\/b><b><\/b><\/p>\n\n<ul class=\"wp-block-list\">\n<li><p class=\"p1\"><span class=\"s1\"><b>Morning<\/b><\/span>: <\/p>Integral Health and Kambo Practice<\/li>\n\n\n\n<li><p class=\"p1\"><span class=\"s1\"><b>Mediod\u00eda<\/b><\/span>: Pr\u00e1ctica de integraci\u00f3n<\/p><\/li>\n\n\n\n<li><p class=\"p1\"><span class=\"s1\"><b>Afternoon<\/b><\/span>: <\/p><p class=\"p1\">Geometry and emotional evolution \u2013 dynamics of fear and trust<\/p>Triad practice \u2013 facilitator, client, observer using the map<\/li>\n\n\n\n<li><p class=\"p1\"><span class=\"s1\"><b>Por la noche<\/b><\/span>: C\u00edrculo de integraci\u00f3n y Satsang<\/p><\/li>\n<\/ul>\n\n<p class=\"p4\"><b>Domingo<\/b><b><\/b><\/p>\n\n<ul class=\"wp-block-list\">\n<li><p class=\"p1\"><span class=\"s1\"><b>Buenos d\u00edas<\/b><\/span>: Taller de clausura<\/p><\/li>\n\n\n\n<li><p class=\"p1\"><span class=\"s1\"><b>Mediod\u00eda<\/b><\/span>: Reflexi\u00f3n en grupo y clausura.<\/p><\/li>\n<\/ul>\n","protected":false},"excerpt":{"rendered":"<p>Introducci\u00f3n In this module, we continue deepening our exploration of the Tree of Life, now discovering a more practical way to apply it in both facilitation and personal discovery. Emotional Geometry is introduced as a new tool that integrates the emotional dimensions of the Tree of Life (the sephirot), the Internal Family Systems (IFS) model,<a href=\"https:\/\/innerevolutionschool.com\/es\/modules\/modulo-10-migracion-transitar-lo-desconocido-con-la-geometria-sagrada-4\/\" class=\"more-link\"><span class=\"screen-reader-text\">M\u00f3dulo 10 Migraci\u00f3n: Transitar lo Desconocido con la Geometr\u00eda Sagrada<\/span><\/a><\/p>\n","protected":false},"featured_media":5643,"template":"","product_cat":[],"mep_cat":[98],"mep_org":[],"mep_tag":[],"class_list":["post-7825","mep_events","type-mep_events","status-publish","has-post-thumbnail","hentry","mep_cat-hamburg"],"event_informations":{"_list_column":[""],"event_list":["a:0:{}"],"related_section_label":[""],"mep_related_event_status":["off"],"_tax_status":["none"],"link_wc_product":["7705"],"check_if_run_once":["1"],"_sku":[""],"_sold_individually":["no"],"_tax_class":[""],"_virtual":["yes"],"_price":["0"],"site-sidebar-layout":["default"],"theme-transparent-header-meta":["default"],"ast-site-content-layout":["default"],"site-content-style":["default"],"site-sidebar-style":["default"],"4 Days_202506180900":["0"],"Full training_202506180900":["0"],"mep_display_slider":["on"],"_wp_page_template":["default"],"_thumbnail_id":["5643"],"_wpml_word_count":["749"],"event_upcoming_datetime":["2025-10-19 15:00:00"],"mep_total_seat_left":["0"],"6932_202507300000":["0"],"4 d\u00edas_202507300000":["0"],"Formaci\u00f3n completa_202507300000":["0"],"mep_org_address":["0"],"mep_location_venue":["Hamburg"],"mep_street":[""],"mep_city":["Krempe"],"mep_state":[""],"mep_postcode":[""],"mep_country":["Spain"],"longitude":[""],"latitude":[""],"mep_sgm":[""],"location_name":[""],"mep_full_name":[""],"mep_reg_email":[""],"mep_reg_phone":[""],"mep_reg_address":[""],"mep_reg_designation":[""],"mep_reg_website":[""],"mep_reg_veg":[""],"mep_reg_company":[""],"mep_reg_gender":[""],"mep_reg_tshirtsize":[""],"mep_reg_tshirtsize_list":[""],"mep_show_end_datetime":["no"],"mep_available_seat":["off"],"mep_member_only_event":["for_all"],"mep_member_only_user_role":["a:1:{i:0;s:3:\"all\";}"],"_stock_msg":["new"],"mep_show_advance_col_status":["off"],"mep_enable_custom_dt_format":["off"],"mep_enable_recurring":["no"],"event_start_time":["09:00"],"event_end_time":["19:00"],"mep_event_more_date":["a:0:{}"],"mep_buffer_time":["0"],"mep_event_date_format":["m\/d\/Y"],"mep_event_time_format":["H:i"],"mep_event_custom_date_format":["F j, Y"],"mep_custom_event_time_format":["g:i a"],"mep_time_zone_display":["yes"],"mep_speaker_title":[""],"mep_event_speaker_icon":[""],"mep_event_speakers_list":[""],"mep_gallery_images":["a:5:{i:0;s:4:\"1907\";i:1;s:4:\"1206\";i:2;s:4:\"6633\";i:3;s:4:\"6640\";i:4;s:4:\"6666\";}"],"mep_list_thumbnail":["6640"],"mep_rich_text_status":["enable"],"mep_reg_status":["on"],"mep_rt_event_status":["EventRescheduled"],"mep_rt_event_attandence_mode":["OfflineEventAttendanceMode"],"mep_rt_event_prvdate":["2025-05-18 09:00:00"],"_stock":["0"],"mp_event_virtual_type_des":[""],"mep_show_upcoming_event":[""],"mep_event_cc_email_text":["&nbsp;\r\n<h2>Your Ticket for {event}<\/h2>\r\nHi <strong>{name}<\/strong>,\r\n\r\nThank you for registering for <strong>{event}<\/strong>!\r\n\r\n<strong>Details of Your Ticket:<\/strong>\r\n<ul>\r\n \t<li>Ticket Type:<strong>{ticket_type}<\/strong><\/li>\r\n \t<li>Event Date:<strong>{event_date}<\/strong><\/li>\r\n \t<li>Start Time:<strong>{event_time}<\/strong><\/li>\r\n<\/ul>\r\nWe look forward to seeing you there!\r\n\r\nBest regards,\r\n[Your Event Team]"],"_last_translation_edit_mode":["translation-editor"],"_yoast_wpseo_primary_mep_cat":["98"],"_yoast_wpseo_primary_mep_org":[""],"_yoast_wpseo_primary_product_cat":["62"],"mep_event_template":["default-theme.php"],"mep_events_extra_prices":["a:1:{i:0;a:4:{s:11:\"option_name\";s:20:\"Sesiones adicionales\";s:12:\"option_price\";s:3:\"160\";s:10:\"option_qty\";s:3:\"100\";s:15:\"option_qty_type\";s:17:\"cuadro de entrada\";}}"],"mep_event_day":["a:5:{i:0;a:3:{s:13:\"mep_day_title\";s:35:\"Mi\u00e9rcoles - Llegada y orientaci\u00f3n\";s:12:\"mep_day_time\";s:0:\"\";s:15:\"mep_day_content\";s:311:\"18:00-19:00 Llegada y asignaci\u00f3n de salas 19:00-19:45 Aperitivo ligero y bienvenida informal 20:30-21:30 Taller de bienvenida: El camino del facilitador interno Establecimiento de intenciones, apertura del espacio y encuentro con el grupo 21:30 Sesi\u00f3n nocturna: Meditaci\u00f3n guiada con herramientas ancestrales\";}i:1;a:3:{s:13:\"mep_day_title\";s:48:\"Jueves - Introducci\u00f3n a la geometr\u00eda emocional\";s:12:\"mep_day_time\";s:0:\"\";s:15:\"mep_day_content\";s:414:\"09:00-10:00 Pr\u00e1ctica de Kamb\u00f3 (Opcional - guiada con protocolos de seguridad) 10:00-10:45 Desayuno 10:45-12:45 Taller: Salud Integral con Farah 12:45-14:45 C\u00edrculo de Integraci\u00f3n 14:45-16:00 Comida 16:00-18:00 Descanso 18:00-20:00 Psicolog\u00eda Trascendente Introducci\u00f3n a la Geometr\u00eda Emocional 20:00-20:15 Merienda vespertina 20:15-22:15 Escuela Consciente y M\u00edstica Taller Vespertino 22:30 Sesi\u00f3n Nocturna\";}i:2;a:3:{s:13:\"mep_day_title\";s:51:\"Viernes - Explorar el yo a trav\u00e9s de la geometr\u00eda\";s:12:\"mep_day_time\";s:0:\"\";s:15:\"mep_day_content\";s:473:\"09:00-10:00 Pr\u00e1ctica de Kamb\u00f3 (Opcional - guiada con protocolos de seguridad) 10:00-10:45 Desayuno 10:45-12:45 Taller: Salud Integral Fundamentos del bienestar som\u00e1tico, emocional, energ\u00e9tico y espiritual 12:45-14:45 C\u00edrculo de Integraci\u00f3n 14:45-16:00 Almuerzo 16:00-18:00 Descanso 1 8:00-20:00 Mapeo de emociones e Integraci\u00f3n del Ser 20:00-20:15 Pausa para el refrigerio vespertino 20:15-22:15 Taller vespertino Escuela Consciente y M\u00edstica 22:30 Sesi\u00f3n nocturna\";}i:3;a:3:{s:13:\"mep_day_title\";s:38:\"S\u00e1bado - Encarnaci\u00f3n y facilitaci\u00f3n\";s:12:\"mep_day_time\";s:0:\"\";s:15:\"mep_day_content\";s:490:\"<p>09:00-10:00 Pr\u00e1ctica de Kamb\u00f3 (Opcional - guiada con protocolos de seguridad) 10:00-10:45 Desayuno 10:45-12:45 Taller: Salud Integral Fundamentos del bienestar som\u00e1tico, emocional, energ\u00e9tico y espiritual 12:45-14:45 C\u00edrculo de Integraci\u00f3n 14:45-16:00 Almuerzo 16:00-18:00 Descanso 18:00-20:00 Taller de Psicolog\u00eda Trascendente y Psicoterapia 20:00-20:15 Pausa para el refrigerio vespertino 20:15-22:15 Taller vespertino de Escuela Consciente y M\u00edstica 22:30 Sesi\u00f3n nocturna<\/p>\";}i:4;a:3:{s:13:\"mep_day_title\";s:33:\"Domingo - Integraci\u00f3n y clausura\";s:12:\"mep_day_time\";s:0:\"\";s:15:\"mep_day_content\";s:143:\"10:30-13:00 Integraci\u00f3n final 13:00-14:30 Almuerzo de despedida 14:30-16:00 C\u00edrculo final: \u00bfQu\u00e9 se queda conmigo? 16:00 en adelante Salida \";}}"],"mep_event_faq":["a:16:{i:0;a:2:{s:13:\"mep_faq_title\";s:76:\"\u00bfEs esta formaci\u00f3n exclusiva para aspirantes a facilitadores o terapeutas?\";s:15:\"mep_faq_content\";s:712:\"<p>En absoluto. Aunque este m\u00f3dulo ofrece las bases esenciales para aquellos interesados en la facilitaci\u00f3n o el trabajo terap\u00e9utico, est\u00e1 igualmente dise\u00f1ado para individuos en un profundo viaje personal -aquellos que buscan comprenderse mejor a s\u00ed mismos, procesar experiencias pasadas o explorar la intersecci\u00f3n entre psicolog\u00eda y espiritualidad.<br>Tanto si tu camino te lleva a guiar a otros o simplemente a una versi\u00f3n m\u00e1s integrada de ti mismo, esta formaci\u00f3n te invita a entrar en un espacio transformador de autoindagaci\u00f3n, profundidad emocional y presencia encarnada. No se trata de en qui\u00e9n te convertir\u00e1s m\u00e1s adelante, sino de con qui\u00e9n est\u00e1s preparado para encontrarte ahora.  <\/p>\n\";}i:1;a:2:{s:13:\"mep_faq_title\";s:111:\"\u00bfCu\u00e1l es el papel de los ente\u00f3genos en este m\u00f3dulo? \u00bfHay sesiones reales con ayahuasca u otras medicinas? \";s:15:\"mep_faq_content\";s:411:\"<p>Este m\u00f3dulo no es un retiro con sesiones de medicina, sino un m\u00f3dulo de formaci\u00f3n centrado en la integraci\u00f3n. Se basa en experiencias reales con ente\u00f3genos, pero no se consumen sustancias durante el m\u00f3dulo. En su lugar, exploramos c\u00f3mo trabajar con estas experiencias terap\u00e9utica y espiritualmente, a trav\u00e9s de la reflexi\u00f3n personal, los procesos de grupo y las herramientas del facilitador.  <\/p>\n\";}i:2;a:2:{s:13:\"mep_faq_title\";s:86:\"\u00bfNecesito tener experiencia previa con ayahuasca u otros ente\u00f3genos para participar?\";s:15:\"mep_faq_content\";s:342:\"<p>No necesariamente. La experiencia previa puede ser \u00fatil, pero una profunda curiosidad y la apertura al aprendizaje son los principales requisitos. Este m\u00f3dulo tambi\u00e9n es adecuado para personas que apoyan a otras (amigos, clientes, compa\u00f1eros) en sus procesos enteog\u00e9nicos y desean una base s\u00f3lida en integraci\u00f3n terap\u00e9utica.  <\/p>\n\";}i:3;a:2:{s:13:\"mep_faq_title\";s:61:\"\u00bfQu\u00e9 se entiende por \u201cintegraci\u00f3n\u201d en esta formaci\u00f3n?\";s:15:\"mep_faq_content\";s:405:\"<p>La integraci\u00f3n se refiere al proceso de dar sentido a los estados ampliados de conciencia, como los provocados por los psicod\u00e9licos, la meditaci\u00f3n o las experiencias cumbre. Se trata de traducir el insight en un cambio significativo desde el punto de vista emocional, psicol\u00f3gico y espiritual. Trabajamos con una combinaci\u00f3n de modelos psicol\u00f3gicos y tradiciones ancestrales de sabidur\u00eda.  <\/p>\n\";}i:4;a:2:{s:13:\"mep_faq_title\";s:99:\"\u00bfEst\u00e1 esta formaci\u00f3n arraigada en una determinada religi\u00f3n o sistema de creencias espirituales?\";s:15:\"mep_faq_content\";s:308:\"<p>No. El m\u00f3dulo no es dogm\u00e1tico y bebe de diversas fuentes, como la psicolog\u00eda transpersonal, el chamanismo, el misticismo y las tradiciones contemplativas, pero no exige la adhesi\u00f3n a ninguna creencia. El \u00e9nfasis se pone en la exploraci\u00f3n personal y la encarnaci\u00f3n, m\u00e1s que en la ideolog\u00eda.  <\/p>\n\";}i:5;a:2:{s:13:\"mep_faq_title\";s:37:\"\u00bfHaremos terapia durante el m\u00f3dulo?\";s:15:\"mep_faq_content\";s:331:\"<p>S\u00ed, pero no en un sentido cl\u00ednico o de diagn\u00f3stico. La experiencia es de naturaleza terap\u00e9utica: trabajamos con partes internas, patrones emocionales, din\u00e1micas traum\u00e1ticas y conciencia som\u00e1tica. Es tanto un espacio para la autoexploraci\u00f3n como un terreno de pr\u00e1cticas para quienes aprenden a acompa\u00f1ar a otros.  <\/p>\n\";}i:6;a:2:{s:13:\"mep_faq_title\";s:78:\"\u00bfQu\u00e9 diferencia a este m\u00f3dulo de un t\u00edpico taller de crecimiento personal?\";s:15:\"mep_faq_content\";s:277:\"<p>Este m\u00f3dulo es \u00fanico porque une la exploraci\u00f3n interior con la formaci\u00f3n de facilitadores. No se trata s\u00f3lo de curarse uno mismo, sino de aprender a dar espacio a los dem\u00e1s con integridad, presencia y sensibilidad hacia las dimensiones psicol\u00f3gica y espiritual. <\/p>\n\";}i:7;a:2:{s:13:\"mep_faq_title\";s:52:\"\u00bfSe ense\u00f1a alg\u00fan modelo terap\u00e9utico espec\u00edfico?\";s:15:\"mep_faq_content\";s:343:\"<p>En lugar de promover un \u00fanico modelo, ofrecemos un enfoque integrador, basado en:<br>Psicolog\u00eda humanista y transpersonal<br>Atenci\u00f3n basada en el trauma<br>Pr\u00e1cticas som\u00e1ticas<br>Marcos cham\u00e1nicos y m\u00edsticos<br>Esto le permite desarrollar su propio estilo de presencia y elegir las herramientas que m\u00e1s resuenen con su camino.<\/p>\n\";}i:8;a:2:{s:13:\"mep_faq_title\";s:44:\"\u00bfHay alg\u00fan componente de terapia de grupo?\";s:15:\"mep_faq_content\";s:264:\"<p>S\u00ed. Gran parte del trabajo se realiza en din\u00e1micas de grupo, donde observar\u00e1s, practicar\u00e1s y participar\u00e1s en procesos grupales. Esto es esencial para aprender a leer el campo, comprender la resonancia emocional y apoyar la transformaci\u00f3n colectiva.  <\/p>\n\";}i:9;a:2:{s:13:\"mep_faq_title\";s:55:\"\u00bfSer\u00e9 capaz de facilitar despu\u00e9s de un solo m\u00f3dulo?\";s:15:\"mep_faq_content\";s:285:\"<p>No. Este curso forma parte de un proceso de formaci\u00f3n m\u00e1s amplio. Aunque obtendr\u00e1s valiosos conocimientos y herramientas, la facilitaci\u00f3n es un camino que requiere pr\u00e1ctica continua, supervisi\u00f3n y trabajo interior. Este m\u00f3dulo sienta las bases, no es el \u00faltimo paso.   <\/p>\n\";}i:10;a:2:{s:13:\"mep_faq_title\";s:53:\"\u00bfC\u00f3mo s\u00e9 si estoy preparado para esta experiencia?\";s:15:\"mep_faq_content\";s:341:\"<p>Si sientes una aut\u00e9ntica atracci\u00f3n hacia el autodescubrimiento, est\u00e1s abierto a explorar temas emocionales y espirituales profundos y te sientes llamado a acompa\u00f1ar a otros en su camino de sanaci\u00f3n, \u00e9ste es un buen lugar para empezar. No necesitas tener todas las respuestas, s\u00f3lo la voluntad de estar presente y ser honesto. <\/p>\n\";}i:11;a:2:{s:13:\"mep_faq_title\";s:69:\"\u00bfQu\u00e9 quiere decir con \u201cla evoluci\u00f3n interior del facilitador\u201d?\";s:15:\"mep_faq_content\";s:481:\"<p>La evoluci\u00f3n interior del facilitador se refiere al continuo desarrollo personal y espiritual que permite a alguien mantener el espacio con autenticidad, humildad y presencia. M\u00e1s que aprender t\u00e9cnicas, esta formaci\u00f3n hace hincapi\u00e9 en trabajar en profundidad las propias heridas emocionales, los patrones de comportamiento y las preguntas existenciales. Creemos que s\u00f3lo encontr\u00e1ndote contigo mismo plenamente puedes acompa\u00f1ar de verdad a los dem\u00e1s en su camino.  <\/p>\n\";}i:12;a:2:{s:13:\"mep_faq_title\";s:71:\"\u00bfQu\u00e9 papel desempe\u00f1a la Psicolog\u00eda Trascendente en esta formaci\u00f3n?\";s:15:\"mep_faq_content\";s:524:\"<p>La Psicolog\u00eda Trascendente es un pilar fundamental de la formaci\u00f3n. Tiende un puente entre el conocimiento psicol\u00f3gico moderno y la experiencia espiritual y m\u00edstica, ayudando a los participantes a comprender el espectro completo de la conciencia humana, desde el trauma y las estructuras del ego hasta los estados ampliados de conciencia. Ofrece herramientas pr\u00e1cticas para la autoindagaci\u00f3n, la sanaci\u00f3n interior y la integraci\u00f3n, todo ello basado en un marco no patologizante y orientado a la evoluci\u00f3n.  <\/p>\n\";}i:13;a:2:{s:13:\"mep_faq_title\";s:82:\"\u00bfQu\u00e9 es la Escuela Consciente y en qu\u00e9 se diferencia de la terapia tradicional?\";s:15:\"mep_faq_content\";s:628:\"<p>La Escuela Consciente es un enfoque que combina las tradiciones m\u00edsticas, la presencia espiritual y la consciencia corporal con un profundo trabajo psicol\u00f3gico. Se centra no s\u00f3lo en la comprensi\u00f3n de las emociones y el comportamiento, sino tambi\u00e9n en la toma de conciencia radical de los mecanismos de la mente y las ilusiones del ego. Hace hincapi\u00e9 en el silencio, la observaci\u00f3n y la quietud interior como herramientas esenciales para el despertar y la integraci\u00f3n. A diferencia de la terapia tradicional, fomenta una comprensi\u00f3n experiencial directa del yo en sus dimensiones m\u00e1s profundas y universales.   <\/p>\n\";}i:14;a:2:{s:13:\"mep_faq_title\";s:82:\"\u00bfPor qu\u00e9 se hace tanto hincapi\u00e9 en el trabajo aut\u00f3nomo para los facilitadores?\";s:15:\"mep_faq_content\";s:431:\"<p>Porque la facilitaci\u00f3n no es s\u00f3lo un papel, es un estado del ser. Un facilitador que no ha hecho su propio trabajo interior corre el riesgo de proyectar, eludir o dominar inconscientemente el proceso de los dem\u00e1s. Esta formaci\u00f3n te invita a convertirte en un ser humano m\u00e1s claro, m\u00e1s enraizado y m\u00e1s compasivo antes de guiar a los dem\u00e1s. El proceso personal no est\u00e1 separado de la formaci\u00f3n; es la formaci\u00f3n.   <\/p>\n\";}i:15;a:2:{s:13:\"mep_faq_title\";s:62:\"\u00bfQui\u00e9n es la Dra. Fara y cu\u00e1l es su papel en la formaci\u00f3n?\";s:15:\"mep_faq_content\";s:702:\"<p>La Dra. Fara es doctora en medicina con amplia formaci\u00f3n en medicina hol\u00edstica e integradora, y desempe\u00f1a un papel vital en este m\u00f3dulo. Dirige los talleres de Salud Integral, aportando un enfoque multidisciplinar y fundamentado que une la medicina occidental, el conocimiento ancestral, la curaci\u00f3n som\u00e1tica, la nutrici\u00f3n y la conciencia energ\u00e9tica. Su presencia en la formaci\u00f3n es esencial para quienes desean comprender las dimensiones biol\u00f3gica, emocional y espiritual de la curaci\u00f3n. Su orientaci\u00f3n ayuda a los participantes no s\u00f3lo a cuidar de los dem\u00e1s, sino tambi\u00e9n a profundizar en su propia autoconciencia y en la encarnaci\u00f3n de la salud como futuros facilitadores.   <\/p>\n\";}}"],"mep_event_ticket_type":["a:2:{i:0;a:10:{s:13:\"option_name_t\";s:7:\"4 d\u00edas\";s:16:\"option_details_t\";s:383:\"Esta versi\u00f3n de 4 d\u00edas de la formaci\u00f3n incluye 3 noches de proceso inmersivo, con 2 ceremonias de medicina vegetal, sin dejar de ofrecer el arco completo de las ense\u00f1anzas centrales del programa. Ideal para aquellos con limitaciones de tiempo o estudiantes que regresan, proporciona una rica iniciaci\u00f3n en el mundo de la integraci\u00f3n terap\u00e9utica y la facilitaci\u00f3n espiritual. \";s:14:\"option_price_t\";s:3:\"690\";s:12:\"option_qty_t\";s:2:\"50\";s:12:\"option_rsv_t\";s:1:\"0\";s:20:\"option_default_qty_t\";s:1:\"0\";s:17:\"option_qty_t_type\";s:17:\"cuadro de entrada\";s:20:\"option_sale_end_date\";s:10:\"2025-05-23\";s:20:\"option_sale_end_time\";s:5:\"19:00\";s:22:\"option_sale_end_date_t\";s:16:\"2025-05-23 19:00\";}i:1;a:10:{s:13:\"option_name_t\";s:19:\"Formaci\u00f3n completa\";s:16:\"option_details_t\";s:376:\"Esta formaci\u00f3n inmersiva de 5 d\u00edas combina la integraci\u00f3n terap\u00e9utica, la psicolog\u00eda m\u00edstica y la facilitaci\u00f3n consciente con 4 noches de trabajo interior transformador, incluyendo 3 ceremonias guiadas de medicina vegetal. Dise\u00f1ado para buscadores y portadores de espacios, ofrece una poderosa puerta de entrada a la autoconciencia expandida y el liderazgo encarnado. \";s:14:\"option_price_t\";s:3:\"920\";s:12:\"option_qty_t\";s:2:\"50\";s:12:\"option_rsv_t\";s:1:\"0\";s:20:\"option_default_qty_t\";s:1:\"0\";s:17:\"option_qty_t_type\";s:17:\"cuadro de entrada\";s:20:\"option_sale_end_date\";s:10:\"2025-05-23\";s:20:\"option_sale_end_time\";s:5:\"19:00\";s:22:\"option_sale_end_date_t\";s:16:\"2025-05-23 19:00\";}}"],"mep_event_type":["sin conexi\u00f3n"],"7685_202509240900":["0"],"4 d\u00edas_202509240900":["0"],"Formaci\u00f3n completa_202509240900":["0"],"_elementor_version":["3.31.3"],"_wpml_media_duplicate":["0"],"_wpml_media_featured":["0"],"_dp_original":["7815"],"_elementor_template_type":["wp-post"],"event_end_date":["2025-10-19"],"event_end_datetime":["2025-10-19 15:00:00"],"event_expire_datetime":["2025-10-19 15:00:00"],"event_start_date":["2025-10-15"],"event_start_datetime":["2025-10-15 18:00:00"],"7825_202510150900":["0"],"4 d\u00edas_202510150900":["0"],"Formaci\u00f3n completa_202510150900":["0"],"7825_202510151800":["0"],"event_feature_image":"https:\/\/innerevolutionschool.com\/wp-content\/uploads\/2025\/03\/IMG_9708.jpg"},"yoast_head":"<!-- This site is optimized with the Yoast SEO plugin v27.5 - https:\/\/yoast.com\/product\/yoast-seo-wordpress\/ -->\n<title>M\u00f3dulo 10 Migraci\u00f3n: Transitar lo Desconocido con la Geometr\u00eda Sagrada - Inner Evolution School<\/title>\n<meta name=\"robots\" content=\"index, follow, max-snippet:-1, max-image-preview:large, max-video-preview:-1\" \/>\n<link rel=\"canonical\" href=\"https:\/\/innerevolutionschool.com\/es\/modules\/modulo-10-migracion-transitar-lo-desconocido-con-la-geometria-sagrada-4\/\" \/>\n<meta property=\"og:locale\" content=\"es_ES\" \/>\n<meta property=\"og:type\" content=\"article\" \/>\n<meta property=\"og:title\" content=\"M\u00f3dulo 10 Migraci\u00f3n: Transitar lo Desconocido con la Geometr\u00eda Sagrada - Inner Evolution School\" \/>\n<meta property=\"og:description\" content=\"Introducci\u00f3n In this module, we continue deepening our exploration of the Tree of Life, now discovering a more practical way to apply it in both facilitation and personal discovery. Emotional Geometry is introduced as a new tool that integrates the emotional dimensions of the Tree of Life (the sephirot), the Internal Family Systems (IFS) model,M\u00f3dulo 10 Migraci\u00f3n: Transitar lo Desconocido con la Geometr\u00eda Sagrada\" \/>\n<meta property=\"og:url\" content=\"https:\/\/innerevolutionschool.com\/es\/modules\/modulo-10-migracion-transitar-lo-desconocido-con-la-geometria-sagrada-4\/\" \/>\n<meta property=\"og:site_name\" content=\"Inner Evolution School\" \/>\n<meta property=\"og:image\" content=\"https:\/\/innerevolutionschool.com\/wp-content\/uploads\/2025\/03\/IMG_9708.jpg\" \/>\n\t<meta property=\"og:image:width\" content=\"726\" \/>\n\t<meta property=\"og:image:height\" content=\"504\" \/>\n\t<meta property=\"og:image:type\" content=\"image\/jpeg\" \/>\n<meta name=\"twitter:card\" content=\"summary_large_image\" \/>\n<meta name=\"twitter:label1\" content=\"Tiempo de lectura\" \/>\n\t<meta name=\"twitter:data1\" content=\"3 minutos\" \/>\n<script type=\"application\/ld+json\" class=\"yoast-schema-graph\">{\"@context\":\"https:\\\/\\\/schema.org\",\"@graph\":[{\"@type\":\"WebPage\",\"@id\":\"https:\\\/\\\/innerevolutionschool.com\\\/es\\\/modules\\\/modulo-10-migracion-transitar-lo-desconocido-con-la-geometria-sagrada-4\\\/\",\"url\":\"https:\\\/\\\/innerevolutionschool.com\\\/es\\\/modules\\\/modulo-10-migracion-transitar-lo-desconocido-con-la-geometria-sagrada-4\\\/\",\"name\":\"M\u00f3dulo 10 Migraci\u00f3n: Transitar lo Desconocido con la Geometr\u00eda Sagrada - Inner Evolution School\",\"isPartOf\":{\"@id\":\"https:\\\/\\\/innerevolutionschool.com\\\/es\\\/#website\"},\"primaryImageOfPage\":{\"@id\":\"https:\\\/\\\/innerevolutionschool.com\\\/es\\\/modules\\\/modulo-10-migracion-transitar-lo-desconocido-con-la-geometria-sagrada-4\\\/#primaryimage\"},\"image\":{\"@id\":\"https:\\\/\\\/innerevolutionschool.com\\\/es\\\/modules\\\/modulo-10-migracion-transitar-lo-desconocido-con-la-geometria-sagrada-4\\\/#primaryimage\"},\"thumbnailUrl\":\"https:\\\/\\\/innerevolutionschool.com\\\/wp-content\\\/uploads\\\/2025\\\/03\\\/IMG_9708.jpg\",\"datePublished\":\"2025-09-02T02:36:58+00:00\",\"breadcrumb\":{\"@id\":\"https:\\\/\\\/innerevolutionschool.com\\\/es\\\/modules\\\/modulo-10-migracion-transitar-lo-desconocido-con-la-geometria-sagrada-4\\\/#breadcrumb\"},\"inLanguage\":\"es\",\"potentialAction\":[{\"@type\":\"ReadAction\",\"target\":[\"https:\\\/\\\/innerevolutionschool.com\\\/es\\\/modules\\\/modulo-10-migracion-transitar-lo-desconocido-con-la-geometria-sagrada-4\\\/\"]}]},{\"@type\":\"ImageObject\",\"inLanguage\":\"es\",\"@id\":\"https:\\\/\\\/innerevolutionschool.com\\\/es\\\/modules\\\/modulo-10-migracion-transitar-lo-desconocido-con-la-geometria-sagrada-4\\\/#primaryimage\",\"url\":\"https:\\\/\\\/innerevolutionschool.com\\\/wp-content\\\/uploads\\\/2025\\\/03\\\/IMG_9708.jpg\",\"contentUrl\":\"https:\\\/\\\/innerevolutionschool.com\\\/wp-content\\\/uploads\\\/2025\\\/03\\\/IMG_9708.jpg\",\"width\":726,\"height\":504},{\"@type\":\"BreadcrumbList\",\"@id\":\"https:\\\/\\\/innerevolutionschool.com\\\/es\\\/modules\\\/modulo-10-migracion-transitar-lo-desconocido-con-la-geometria-sagrada-4\\\/#breadcrumb\",\"itemListElement\":[{\"@type\":\"ListItem\",\"position\":1,\"name\":\"Home\",\"item\":\"https:\\\/\\\/innerevolutionschool.com\\\/es\\\/escuela-de-evolucion-interior-ies-2\\\/\"},{\"@type\":\"ListItem\",\"position\":2,\"name\":\"M\u00f3dulo 10 Migraci\u00f3n: Transitar lo Desconocido con la Geometr\u00eda Sagrada\"}]},{\"@type\":\"WebSite\",\"@id\":\"https:\\\/\\\/innerevolutionschool.com\\\/es\\\/#website\",\"url\":\"https:\\\/\\\/innerevolutionschool.com\\\/es\\\/\",\"name\":\"Inner Evolution School\",\"description\":\"An innovative training model dedicated to the science of the internal.\",\"publisher\":{\"@id\":\"https:\\\/\\\/innerevolutionschool.com\\\/es\\\/#organization\"},\"potentialAction\":[{\"@type\":\"SearchAction\",\"target\":{\"@type\":\"EntryPoint\",\"urlTemplate\":\"https:\\\/\\\/innerevolutionschool.com\\\/es\\\/?s={search_term_string}\"},\"query-input\":{\"@type\":\"PropertyValueSpecification\",\"valueRequired\":true,\"valueName\":\"search_term_string\"}}],\"inLanguage\":\"es\"},{\"@type\":\"Organization\",\"@id\":\"https:\\\/\\\/innerevolutionschool.com\\\/es\\\/#organization\",\"name\":\"Inner Evolution School\",\"url\":\"https:\\\/\\\/innerevolutionschool.com\\\/es\\\/\",\"logo\":{\"@type\":\"ImageObject\",\"inLanguage\":\"es\",\"@id\":\"https:\\\/\\\/innerevolutionschool.com\\\/es\\\/#\\\/schema\\\/logo\\\/image\\\/\",\"url\":\"https:\\\/\\\/innerevolutionschool.com\\\/wp-content\\\/uploads\\\/2025\\\/03\\\/hero-inner-evolution-school.png\",\"contentUrl\":\"https:\\\/\\\/innerevolutionschool.com\\\/wp-content\\\/uploads\\\/2025\\\/03\\\/hero-inner-evolution-school.png\",\"width\":1456,\"height\":816,\"caption\":\"Inner Evolution School\"},\"image\":{\"@id\":\"https:\\\/\\\/innerevolutionschool.com\\\/es\\\/#\\\/schema\\\/logo\\\/image\\\/\"}}]}<\/script>\n<!-- \/ Yoast SEO plugin. -->","yoast_head_json":{"title":"M\u00f3dulo 10 Migraci\u00f3n: Transitar lo Desconocido con la Geometr\u00eda Sagrada - Inner Evolution School","robots":{"index":"index","follow":"follow","max-snippet":"max-snippet:-1","max-image-preview":"max-image-preview:large","max-video-preview":"max-video-preview:-1"},"canonical":"https:\/\/innerevolutionschool.com\/es\/modules\/modulo-10-migracion-transitar-lo-desconocido-con-la-geometria-sagrada-4\/","og_locale":"es_ES","og_type":"article","og_title":"M\u00f3dulo 10 Migraci\u00f3n: Transitar lo Desconocido con la Geometr\u00eda Sagrada - Inner Evolution School","og_description":"Introducci\u00f3n In this module, we continue deepening our exploration of the Tree of Life, now discovering a more practical way to apply it in both facilitation and personal discovery. Emotional Geometry is introduced as a new tool that integrates the emotional dimensions of the Tree of Life (the sephirot), the Internal Family Systems (IFS) model,M\u00f3dulo 10 Migraci\u00f3n: Transitar lo Desconocido con la Geometr\u00eda Sagrada","og_url":"https:\/\/innerevolutionschool.com\/es\/modules\/modulo-10-migracion-transitar-lo-desconocido-con-la-geometria-sagrada-4\/","og_site_name":"Inner Evolution School","og_image":[{"width":726,"height":504,"url":"https:\/\/innerevolutionschool.com\/wp-content\/uploads\/2025\/03\/IMG_9708.jpg","type":"image\/jpeg"}],"twitter_card":"summary_large_image","twitter_misc":{"Tiempo de lectura":"3 minutos"},"schema":{"@context":"https:\/\/schema.org","@graph":[{"@type":"WebPage","@id":"https:\/\/innerevolutionschool.com\/es\/modules\/modulo-10-migracion-transitar-lo-desconocido-con-la-geometria-sagrada-4\/","url":"https:\/\/innerevolutionschool.com\/es\/modules\/modulo-10-migracion-transitar-lo-desconocido-con-la-geometria-sagrada-4\/","name":"M\u00f3dulo 10 Migraci\u00f3n: Transitar lo Desconocido con la Geometr\u00eda Sagrada - Inner Evolution School","isPartOf":{"@id":"https:\/\/innerevolutionschool.com\/es\/#website"},"primaryImageOfPage":{"@id":"https:\/\/innerevolutionschool.com\/es\/modules\/modulo-10-migracion-transitar-lo-desconocido-con-la-geometria-sagrada-4\/#primaryimage"},"image":{"@id":"https:\/\/innerevolutionschool.com\/es\/modules\/modulo-10-migracion-transitar-lo-desconocido-con-la-geometria-sagrada-4\/#primaryimage"},"thumbnailUrl":"https:\/\/innerevolutionschool.com\/wp-content\/uploads\/2025\/03\/IMG_9708.jpg","datePublished":"2025-09-02T02:36:58+00:00","breadcrumb":{"@id":"https:\/\/innerevolutionschool.com\/es\/modules\/modulo-10-migracion-transitar-lo-desconocido-con-la-geometria-sagrada-4\/#breadcrumb"},"inLanguage":"es","potentialAction":[{"@type":"ReadAction","target":["https:\/\/innerevolutionschool.com\/es\/modules\/modulo-10-migracion-transitar-lo-desconocido-con-la-geometria-sagrada-4\/"]}]},{"@type":"ImageObject","inLanguage":"es","@id":"https:\/\/innerevolutionschool.com\/es\/modules\/modulo-10-migracion-transitar-lo-desconocido-con-la-geometria-sagrada-4\/#primaryimage","url":"https:\/\/innerevolutionschool.com\/wp-content\/uploads\/2025\/03\/IMG_9708.jpg","contentUrl":"https:\/\/innerevolutionschool.com\/wp-content\/uploads\/2025\/03\/IMG_9708.jpg","width":726,"height":504},{"@type":"BreadcrumbList","@id":"https:\/\/innerevolutionschool.com\/es\/modules\/modulo-10-migracion-transitar-lo-desconocido-con-la-geometria-sagrada-4\/#breadcrumb","itemListElement":[{"@type":"ListItem","position":1,"name":"Home","item":"https:\/\/innerevolutionschool.com\/es\/escuela-de-evolucion-interior-ies-2\/"},{"@type":"ListItem","position":2,"name":"M\u00f3dulo 10 Migraci\u00f3n: Transitar lo Desconocido con la Geometr\u00eda Sagrada"}]},{"@type":"WebSite","@id":"https:\/\/innerevolutionschool.com\/es\/#website","url":"https:\/\/innerevolutionschool.com\/es\/","name":"Inner Evolution School","description":"An innovative training model dedicated to the science of the internal.","publisher":{"@id":"https:\/\/innerevolutionschool.com\/es\/#organization"},"potentialAction":[{"@type":"SearchAction","target":{"@type":"EntryPoint","urlTemplate":"https:\/\/innerevolutionschool.com\/es\/?s={search_term_string}"},"query-input":{"@type":"PropertyValueSpecification","valueRequired":true,"valueName":"search_term_string"}}],"inLanguage":"es"},{"@type":"Organization","@id":"https:\/\/innerevolutionschool.com\/es\/#organization","name":"Inner Evolution School","url":"https:\/\/innerevolutionschool.com\/es\/","logo":{"@type":"ImageObject","inLanguage":"es","@id":"https:\/\/innerevolutionschool.com\/es\/#\/schema\/logo\/image\/","url":"https:\/\/innerevolutionschool.com\/wp-content\/uploads\/2025\/03\/hero-inner-evolution-school.png","contentUrl":"https:\/\/innerevolutionschool.com\/wp-content\/uploads\/2025\/03\/hero-inner-evolution-school.png","width":1456,"height":816,"caption":"Inner Evolution School"},"image":{"@id":"https:\/\/innerevolutionschool.com\/es\/#\/schema\/logo\/image\/"}}]}},"_links":{"self":[{"href":"https:\/\/innerevolutionschool.com\/es\/wp-json\/wp\/v2\/mep_events\/7825","targetHints":{"allow":["GET"]}}],"collection":[{"href":"https:\/\/innerevolutionschool.com\/es\/wp-json\/wp\/v2\/mep_events"}],"about":[{"href":"https:\/\/innerevolutionschool.com\/es\/wp-json\/wp\/v2\/types\/mep_events"}],"version-history":[{"count":1,"href":"https:\/\/innerevolutionschool.com\/es\/wp-json\/wp\/v2\/mep_events\/7825\/revisions"}],"predecessor-version":[{"id":7827,"href":"https:\/\/innerevolutionschool.com\/es\/wp-json\/wp\/v2\/mep_events\/7825\/revisions\/7827"}],"wp:featuredmedia":[{"embeddable":true,"href":"https:\/\/innerevolutionschool.com\/es\/wp-json\/wp\/v2\/media\/5643"}],"wp:attachment":[{"href":"https:\/\/innerevolutionschool.com\/es\/wp-json\/wp\/v2\/media?parent=7825"}],"wp:term":[{"taxonomy":"product_cat","embeddable":true,"href":"https:\/\/innerevolutionschool.com\/es\/wp-json\/wp\/v2\/product_cat?post=7825"},{"taxonomy":"mep_cat","embeddable":true,"href":"https:\/\/innerevolutionschool.com\/es\/wp-json\/wp\/v2\/mep_cat?post=7825"},{"taxonomy":"mep_org","embeddable":true,"href":"https:\/\/innerevolutionschool.com\/es\/wp-json\/wp\/v2\/mep_org?post=7825"},{"taxonomy":"mep_tag","embeddable":true,"href":"https:\/\/innerevolutionschool.com\/es\/wp-json\/wp\/v2\/mep_tag?post=7825"}],"curies":[{"name":"wp","href":"https:\/\/api.w.org\/{rel}","templated":true}]}}