{"id":6485,"date":"2025-06-19T10:55:33","date_gmt":"2025-06-19T10:55:33","guid":{"rendered":"https:\/\/innerevolutionschool.com\/?post_type=mep_events&#038;p=6485"},"modified":"2025-06-19T11:08:52","modified_gmt":"2025-06-19T11:08:52","slug":"modulo-gran-salto-milan-2","status":"publish","type":"mep_events","link":"https:\/\/innerevolutionschool.com\/es\/modules\/modulo-gran-salto-milan-2\/","title":{"rendered":"M\u00f3dulo Gran Salto Mil\u00e1n"},"content":{"rendered":"<h3><b>El umbral interior de la evoluci\u00f3n del facilitador<\/b><\/h3>\n<p class=\"p3\">Este no es un taller para quienes buscan m\u00e1s m\u00e9todos o herramientas para ayudar a los dem\u00e1s. Es para quienes est\u00e1n dispuestos a enfrentarse a s\u00ed mismos. <\/p>\n<p class=\"p3\">En <span class=\"s2\"><b>Gran salto<\/b><\/span> est\u00e1 dise\u00f1ado para estudiantes que ya han recorrido el camino de la autoindagaci\u00f3n y ahora sienten que se acercan a un umbral m\u00e1s profundo, uno que exige la muerte del \u201cenga\u00f1ador interior\u201d y la renuncia al control.<\/p>\n<p class=\"p3\">Arraigado en <span class=\"s2\"><b>Psicolog\u00eda Trascendente<\/b><\/span>, <span class=\"s2\"><b>Sistemas Familiares Internos<\/b><\/span>, <span class=\"s2\"><b>Hakomi<\/b><\/span>y <span class=\"s2\"><b>tradiciones m\u00edsticas<\/b><\/span>Este m\u00f3dulo invita a los participantes a cruzar doce umbrales inici\u00e1ticos que marcan la verdadera evoluci\u00f3n de un facilitador. Cada umbral desaf\u00eda una estructura obsoleta -la dilaci\u00f3n, la cobard\u00eda, la proyecci\u00f3n, el apego a la persona- e invita a la aparici\u00f3n de una nueva cualidad de presencia: el coraje, la coherencia, la trascendencia, la no reactividad, la atemporalidad y la responsabilidad radical. <\/p>\n<h3><b>Marco experiencial b\u00e1sico<\/b><\/h3>\n<p class=\"p3\">4 sesiones nocturnas de plantas sagradas<\/p>\n<p class=\"p3\">3 sesiones de Bufo Alvarius<\/p>\n<p class=\"p3\">1 sesi\u00f3n de Wachuma<\/p>\n<p class=\"p3\">3 sesiones de Kamb\u00f3<\/p>\n<p class=\"p3\">Oportunidades supervisadas para practicar la facilitaci\u00f3n<\/p>\n<p class=\"p3\">Se centra en la integraci\u00f3n psicoterap\u00e9utica, las habilidades de facilitaci\u00f3n y las ense\u00f1anzas espirituales\/cham\u00e1nicas.<\/p>\n<p class=\"p3\">No se le pedir\u00e1 que crea en ning\u00fan sistema concreto.<\/p>\n<p class=\"p3\">Se le pedir\u00e1 que <span class=\"s2\"><b>vivir las preguntas<\/b><\/span>.<\/p>\n<p class=\"p3\">A trav\u00e9s del trabajo de proceso diario, la pr\u00e1ctica de facilitaci\u00f3n supervisada, la escucha profunda, la indagaci\u00f3n som\u00e1tica, el ritual y las din\u00e1micas de grupo, exploraremos lo que significa:<\/p>\n<ul>\n<li>\n<p class=\"p1\">Deja de ser una consecuencia del mundo exterior y empieza a crear desde la unidad<\/p>\n<\/li>\n<li>\n<p class=\"p1\">Lib\u00e9rese de la indecisi\u00f3n y mant\u00e9ngase coherente<\/p>\n<\/li>\n<li>\n<p class=\"p1\">Hablar y escuchar desde el centro silencioso<\/p>\n<\/li>\n<li>\n<p class=\"p1\">Facilitar sin controlar y amar sin necesidad de roles<\/p>\n<\/li>\n<li>\n<p class=\"p1\">Enam\u00f3rate de la verdad, incluso cuando te disuelva<\/p>\n<\/li>\n<\/ul>\n<p class=\"p3\">No se trata de un taller en el que aprender\u00e1s a ayudar a otros a dar el salto.<\/p>\n<p class=\"p4\"><b>Aqu\u00ed es donde saltas.<\/b><b><\/b><\/p>\n<p class=\"p3\">Y s\u00f3lo entonces -desde el otro lado- podr\u00e1s acompa\u00f1ar de verdad a los dem\u00e1s en su proceso de evoluci\u00f3n interior.<\/p>\n","protected":false},"excerpt":{"rendered":"<p>El umbral interior de la evoluci\u00f3n del facilitador Este no es un taller para quienes buscan m\u00e1s m\u00e9todos o herramientas para ayudar a los dem\u00e1s. Es para quienes est\u00e1n dispuestos a enfrentarse a s\u00ed mismos. En Gran salto est\u00e1 dise\u00f1ado para estudiantes que ya han recorrido el camino de la autoindagaci\u00f3n y ahora sienten que<a href=\"https:\/\/innerevolutionschool.com\/es\/modules\/modulo-gran-salto-milan-2\/\" class=\"more-link\"><span class=\"screen-reader-text\">M\u00f3dulo Gran Salto Mil\u00e1n<\/span><\/a><\/p>\n","protected":false},"featured_media":0,"template":"","product_cat":[],"mep_cat":[85],"mep_org":[],"mep_tag":[],"class_list":["post-6485","mep_events","type-mep_events","status-publish","hentry","mep_cat-milan"],"event_informations":{"_list_column":["",""],"event_list":["a:0:{}","a:0:{}"],"related_section_label":["",""],"mep_related_event_status":["off","off"],"_tax_status":["none"],"link_wc_product":["6488"],"check_if_run_once":["1"],"_sku":[""],"_sold_individually":["no"],"_tax_class":[""],"_virtual":["yes"],"_price":["0"],"_wpml_media_duplicate":["1"],"_wpml_media_featured":["1"],"site-sidebar-layout":["default"],"theme-transparent-header-meta":["default"],"ast-site-content-layout":["default"],"site-content-style":["default"],"site-sidebar-style":["default"],"mep_display_slider":["on"],"mep_event_template":["theme-2.php"],"mep_event_ticket_type":["a:2:{i:0;a:7:{s:13:\"option_name_t\";s:6:\"4 Days\";s:16:\"option_details_t\";s:342:\"This 4-day version of the training includes 3 nights of immersive process, with 2 plant medicine ceremonies, while still offering the full arc of the program&rsquo;s core teachings. Ideal for those with time constraints or returning students, it provides a rich initiation into the world of therapeutic integration and spiritual facilitation.\";s:14:\"option_price_t\";s:3:\"690\";s:12:\"option_qty_t\";s:2:\"20\";s:12:\"option_rsv_t\";s:1:\"0\";s:20:\"option_default_qty_t\";s:1:\"0\";s:17:\"option_qty_t_type\";s:8:\"inputbox\";}i:1;a:7:{s:13:\"option_name_t\";s:13:\"Full training\";s:16:\"option_details_t\";s:324:\"This immersive 5-day training combines therapeutic integration, mystical psychology, and conscious facilitation with 4 nights of transformative inner work, including 3 guided plant medicine ceremonies. Designed for seekers and space-holders, it offers a powerful gateway into expanded self-awareness and embodied leadership.\";s:14:\"option_price_t\";s:3:\"920\";s:12:\"option_qty_t\";s:2:\"20\";s:12:\"option_rsv_t\";s:1:\"0\";s:20:\"option_default_qty_t\";s:1:\"0\";s:17:\"option_qty_t_type\";s:8:\"inputbox\";}}"],"_wp_page_template":["default"],"_wpml_word_count":["355"],"event_upcoming_datetime":["2025-06-29 19:00:00"],"_last_translation_edit_mode":["translation-editor"],"_dp_original":["6463"],"_edit_lock":["1750330369:1"],"mep_enable_recurring":["no"],"event_start_date":["2025-06-25"],"event_start_time":["09:00"],"event_end_date":["2025-06-29"],"event_end_time":["19:00"],"mep_event_more_date":["a:0:{}"],"mep_speaker_title":[""],"mep_event_speaker_icon":[""],"mep_event_speakers_list":[""],"mep_gallery_images":["a:4:{i:0;s:4:\"1887\";i:1;s:4:\"1507\";i:2;s:4:\"2331\";i:3;s:4:\"2341\";}"],"mep_list_thumbnail":["1907"],"mep_faq_description":[""],"mep_event_date_format":["m\/d\/Y"],"mep_event_time_format":["H:i"],"mep_event_custom_date_format":["F j, Y"],"mep_custom_event_time_format":["g:i a"],"mep_time_zone_display":["yes"],"mep_show_end_datetime":["no"],"mep_rich_text_status":["enable"],"mep_available_seat":["off"],"mep_reg_status":["on"],"mep_show_advance_col_status":["on"],"mep_enable_custom_dt_format":["off"],"mep_rt_event_status":["EventRescheduled"],"mep_rt_event_attandence_mode":["OfflineEventAttendanceMode"],"mep_rt_event_prvdate":["2025-05-18 09:00:00"],"mep_full_name":[""],"mep_reg_email":[""],"mep_reg_phone":[""],"mep_reg_address":[""],"mep_reg_designation":[""],"mep_reg_website":[""],"mep_reg_veg":[""],"mep_reg_company":[""],"mep_reg_gender":[""],"mep_reg_tshirtsize":[""],"mep_reg_tshirtsize_list":[""],"mep_org_address":["0"],"event_start_datetime":["2025-06-25 09:00:00"],"event_end_datetime":["2025-06-29 19:00:00"],"event_expire_datetime":["2025-06-29 19:00:00"],"_stock":["0"],"_stock_msg":["new"],"longitude":[""],"latitude":[""],"location_name":[""],"mep_location_venue":["Epicentro Milano"],"mep_street":[""],"mep_city":["Carimate"],"mep_state":[""],"mep_postcode":[""],"mep_country":["Spain"],"mep_sgm":[""],"mep_member_only_user_role":["a:1:{i:0;s:3:\"all\";}"],"mep_member_only_event":["for_all"],"mp_event_virtual_type_des":[""],"mep_show_upcoming_event":[""],"mep_repeated_periods":["1"],"astra-migrate-meta-layouts":["set"],"_yoast_wpseo_primary_mep_cat":["85"],"_yoast_wpseo_primary_mep_org":[""],"mep_total_seat_left":["0"],"6485_202506250900":["0"],"4 Days_202506250900":["0"],"Full training_202506250900":["0"],"_top_nav_excluded":[""],"_cms_nav_minihome":[""],"mep_events_extra_prices":["a:1:{i:0;a:4:{s:11:\"option_name\";s:20:\"Sesiones adicionales\";s:12:\"option_price\";s:3:\"160\";s:10:\"option_qty\";s:3:\"100\";s:15:\"option_qty_type\";s:17:\"cuadro de entrada\";}}"],"mep_event_day":["a:5:{i:0;a:3:{s:13:\"mep_day_title\";s:35:\"Mi\u00e9rcoles - Llegada y orientaci\u00f3n\";s:12:\"mep_day_time\";s:0:\"\";s:15:\"mep_day_content\";s:311:\"18:00-19:00 Llegada y asignaci\u00f3n de salas 19:00-19:45 Aperitivo ligero y bienvenida informal 20:30-21:30 Taller de bienvenida: El camino del facilitador interno Establecimiento de intenciones, apertura del espacio y encuentro con el grupo 21:30 Sesi\u00f3n nocturna: Meditaci\u00f3n guiada con herramientas ancestrales\";}i:1;a:3:{s:13:\"mep_day_title\";s:42:\"Jueves - Fundamentos y primeras pr\u00e1cticas\";s:12:\"mep_day_time\";s:0:\"\";s:15:\"mep_day_content\";s:470:\"09:00-10:00 Pr\u00e1ctica de Kamb\u00f3 (Opcional - guiada con protocolos de seguridad)\n10:00-10:45 Desayuno\n10:45-12:45 Taller: Salud Integral Fundamentos del bienestar som\u00e1tico, emocional, energ\u00e9tico y espiritual\n12:45-14:45 C\u00edrculo de Integraci\u00f3n\n14:45-16:00 Almuerzo\n16:00-18:00 Descanso\n18:00-20:00 Taller de Psicolog\u00eda y Psicoterapia Trascendente\n20:00-20:15 Pausa para la Merienda\n20:15-22:15 Taller Vespertino de Escuela Consciente y M\u00edstica\n22:30 Sesi\u00f3n Nocturna\";}i:2;a:3:{s:13:\"mep_day_title\";s:24:\"Viernes - Explorar el yo\";s:12:\"mep_day_time\";s:0:\"\";s:15:\"mep_day_content\";s:470:\"09:00-10:00 Pr\u00e1ctica de Kamb\u00f3 (Opcional - guiada con protocolos de seguridad)\n10:00-10:45 Desayuno\n10:45-12:45 Taller: Salud Integral Fundamentos del bienestar som\u00e1tico, emocional, energ\u00e9tico y espiritual\n12:45-14:45 C\u00edrculo de Integraci\u00f3n\n14:45-16:00 Almuerzo\n16:00-18:00 Descanso\n18:00-20:00 Taller de Psicolog\u00eda y Psicoterapia Trascendente\n20:00-20:15 Pausa para la Merienda\n20:15-22:15 Taller Vespertino de Escuela Consciente y M\u00edstica\n22:30 Sesi\u00f3n Nocturna\";}i:3;a:3:{s:13:\"mep_day_title\";s:38:\"S\u00e1bado - Encarnaci\u00f3n y facilitaci\u00f3n\";s:12:\"mep_day_time\";s:0:\"\";s:15:\"mep_day_content\";s:470:\"09:00-10:00 Pr\u00e1ctica de Kamb\u00f3 (Opcional - guiada con protocolos de seguridad)\n10:00-10:45 Desayuno\n10:45-12:45 Taller: Salud Integral Fundamentos del bienestar som\u00e1tico, emocional, energ\u00e9tico y espiritual\n12:45-14:45 C\u00edrculo de Integraci\u00f3n\n14:45-16:00 Almuerzo\n16:00-18:00 Descanso\n18:00-20:00 Taller de Psicolog\u00eda y Psicoterapia Trascendente\n20:00-20:15 Pausa para la Merienda\n20:15-22:15 Taller Vespertino de Escuela Consciente y M\u00edstica\n22:30 Sesi\u00f3n Nocturna\";}i:4;a:3:{s:13:\"mep_day_title\";s:33:\"Domingo - Integraci\u00f3n y clausura\";s:12:\"mep_day_time\";s:0:\"\";s:15:\"mep_day_content\";s:142:\"10:30-13:00 Integraci\u00f3n final\n13:00-14:30 Almuerzo de despedida\n14:30-16:00 C\u00edrculo final: \u00bfQu\u00e9 se queda conmigo?\n16:00 en adelante Salida\";}}"],"mep_event_faq":["a:16:{i:0;a:2:{s:13:\"mep_faq_title\";s:76:\"\u00bfEs esta formaci\u00f3n exclusiva para aspirantes a facilitadores o terapeutas?\";s:15:\"mep_faq_content\";s:712:\"<p>En absoluto. Aunque este m\u00f3dulo ofrece las bases esenciales para aquellos interesados en la facilitaci\u00f3n o el trabajo terap\u00e9utico, est\u00e1 igualmente dise\u00f1ado para individuos en un profundo viaje personal -aquellos que buscan comprenderse mejor a s\u00ed mismos, procesar experiencias pasadas o explorar la intersecci\u00f3n entre psicolog\u00eda y espiritualidad.<br>Tanto si tu camino te lleva a guiar a otros o simplemente a una versi\u00f3n m\u00e1s integrada de ti mismo, esta formaci\u00f3n te invita a entrar en un espacio transformador de autoindagaci\u00f3n, profundidad emocional y presencia encarnada. No se trata de en qui\u00e9n te convertir\u00e1s m\u00e1s adelante, sino de con qui\u00e9n est\u00e1s preparado para encontrarte ahora.  <\/p>\n\";}i:1;a:2:{s:13:\"mep_faq_title\";s:111:\"\u00bfCu\u00e1l es el papel de los ente\u00f3genos en este m\u00f3dulo? \u00bfHay sesiones reales con ayahuasca u otras medicinas? \";s:15:\"mep_faq_content\";s:411:\"<p>Este m\u00f3dulo no es un retiro con sesiones de medicina, sino un m\u00f3dulo de formaci\u00f3n centrado en la integraci\u00f3n. Se basa en experiencias reales con ente\u00f3genos, pero no se consumen sustancias durante el m\u00f3dulo. En su lugar, exploramos c\u00f3mo trabajar con estas experiencias terap\u00e9utica y espiritualmente, a trav\u00e9s de la reflexi\u00f3n personal, los procesos de grupo y las herramientas del facilitador.  <\/p>\n\";}i:2;a:2:{s:13:\"mep_faq_title\";s:86:\"\u00bfNecesito tener experiencia previa con ayahuasca u otros ente\u00f3genos para participar?\";s:15:\"mep_faq_content\";s:342:\"<p>No necesariamente. La experiencia previa puede ser \u00fatil, pero una profunda curiosidad y la apertura al aprendizaje son los principales requisitos. Este m\u00f3dulo tambi\u00e9n es adecuado para personas que apoyan a otras (amigos, clientes, compa\u00f1eros) en sus procesos enteog\u00e9nicos y desean una base s\u00f3lida en integraci\u00f3n terap\u00e9utica.  <\/p>\n\";}i:3;a:2:{s:13:\"mep_faq_title\";s:61:\"\u00bfQu\u00e9 se entiende por \u201cintegraci\u00f3n\u201d en esta formaci\u00f3n?\";s:15:\"mep_faq_content\";s:405:\"<p>La integraci\u00f3n se refiere al proceso de dar sentido a los estados ampliados de conciencia, como los provocados por los psicod\u00e9licos, la meditaci\u00f3n o las experiencias cumbre. Se trata de traducir el insight en un cambio significativo desde el punto de vista emocional, psicol\u00f3gico y espiritual. Trabajamos con una combinaci\u00f3n de modelos psicol\u00f3gicos y tradiciones ancestrales de sabidur\u00eda.  <\/p>\n\";}i:4;a:2:{s:13:\"mep_faq_title\";s:99:\"\u00bfEst\u00e1 esta formaci\u00f3n arraigada en una determinada religi\u00f3n o sistema de creencias espirituales?\";s:15:\"mep_faq_content\";s:308:\"<p>No. El m\u00f3dulo no es dogm\u00e1tico y bebe de diversas fuentes, como la psicolog\u00eda transpersonal, el chamanismo, el misticismo y las tradiciones contemplativas, pero no exige la adhesi\u00f3n a ninguna creencia. El \u00e9nfasis se pone en la exploraci\u00f3n personal y la encarnaci\u00f3n, m\u00e1s que en la ideolog\u00eda.  <\/p>\n\";}i:5;a:2:{s:13:\"mep_faq_title\";s:37:\"\u00bfHaremos terapia durante el m\u00f3dulo?\";s:15:\"mep_faq_content\";s:331:\"<p>S\u00ed, pero no en un sentido cl\u00ednico o de diagn\u00f3stico. La experiencia es de naturaleza terap\u00e9utica: trabajamos con partes internas, patrones emocionales, din\u00e1micas traum\u00e1ticas y conciencia som\u00e1tica. Es tanto un espacio para la autoexploraci\u00f3n como un terreno de pr\u00e1cticas para quienes aprenden a acompa\u00f1ar a otros.  <\/p>\n\";}i:6;a:2:{s:13:\"mep_faq_title\";s:78:\"\u00bfQu\u00e9 diferencia a este m\u00f3dulo de un t\u00edpico taller de crecimiento personal?\";s:15:\"mep_faq_content\";s:277:\"<p>Este m\u00f3dulo es \u00fanico porque une la exploraci\u00f3n interior con la formaci\u00f3n de facilitadores. No se trata s\u00f3lo de curarse uno mismo, sino de aprender a dar espacio a los dem\u00e1s con integridad, presencia y sensibilidad hacia las dimensiones psicol\u00f3gica y espiritual. <\/p>\n\";}i:7;a:2:{s:13:\"mep_faq_title\";s:52:\"\u00bfSe ense\u00f1a alg\u00fan modelo terap\u00e9utico espec\u00edfico?\";s:15:\"mep_faq_content\";s:343:\"<p>En lugar de promover un \u00fanico modelo, ofrecemos un enfoque integrador, basado en:<br>Psicolog\u00eda humanista y transpersonal<br>Atenci\u00f3n basada en el trauma<br>Pr\u00e1cticas som\u00e1ticas<br>Marcos cham\u00e1nicos y m\u00edsticos<br>Esto le permite desarrollar su propio estilo de presencia y elegir las herramientas que m\u00e1s resuenen con su camino.<\/p>\n\";}i:8;a:2:{s:13:\"mep_faq_title\";s:44:\"\u00bfHay alg\u00fan componente de terapia de grupo?\";s:15:\"mep_faq_content\";s:264:\"<p>S\u00ed. Gran parte del trabajo se realiza en din\u00e1micas de grupo, donde observar\u00e1s, practicar\u00e1s y participar\u00e1s en procesos grupales. Esto es esencial para aprender a leer el campo, comprender la resonancia emocional y apoyar la transformaci\u00f3n colectiva.  <\/p>\n\";}i:9;a:2:{s:13:\"mep_faq_title\";s:55:\"\u00bfSer\u00e9 capaz de facilitar despu\u00e9s de un solo m\u00f3dulo?\";s:15:\"mep_faq_content\";s:285:\"<p>No. Este curso forma parte de un proceso de formaci\u00f3n m\u00e1s amplio. Aunque obtendr\u00e1s valiosos conocimientos y herramientas, la facilitaci\u00f3n es un camino que requiere pr\u00e1ctica continua, supervisi\u00f3n y trabajo interior. Este m\u00f3dulo sienta las bases, no es el \u00faltimo paso.   <\/p>\n\";}i:10;a:2:{s:13:\"mep_faq_title\";s:53:\"\u00bfC\u00f3mo s\u00e9 si estoy preparado para esta experiencia?\";s:15:\"mep_faq_content\";s:341:\"<p>Si sientes una aut\u00e9ntica atracci\u00f3n hacia el autodescubrimiento, est\u00e1s abierto a explorar temas emocionales y espirituales profundos y te sientes llamado a acompa\u00f1ar a otros en su camino de sanaci\u00f3n, \u00e9ste es un buen lugar para empezar. No necesitas tener todas las respuestas, s\u00f3lo la voluntad de estar presente y ser honesto. <\/p>\n\";}i:11;a:2:{s:13:\"mep_faq_title\";s:69:\"\u00bfQu\u00e9 quiere decir con \u201cla evoluci\u00f3n interior del facilitador\u201d?\";s:15:\"mep_faq_content\";s:481:\"<p>La evoluci\u00f3n interior del facilitador se refiere al continuo desarrollo personal y espiritual que permite a alguien mantener el espacio con autenticidad, humildad y presencia. M\u00e1s que aprender t\u00e9cnicas, esta formaci\u00f3n hace hincapi\u00e9 en trabajar en profundidad las propias heridas emocionales, los patrones de comportamiento y las preguntas existenciales. Creemos que s\u00f3lo encontr\u00e1ndote contigo mismo plenamente puedes acompa\u00f1ar de verdad a los dem\u00e1s en su camino.  <\/p>\n\";}i:12;a:2:{s:13:\"mep_faq_title\";s:71:\"\u00bfQu\u00e9 papel desempe\u00f1a la Psicolog\u00eda Trascendente en esta formaci\u00f3n?\";s:15:\"mep_faq_content\";s:524:\"<p>La Psicolog\u00eda Trascendente es un pilar fundamental de la formaci\u00f3n. Tiende un puente entre el conocimiento psicol\u00f3gico moderno y la experiencia espiritual y m\u00edstica, ayudando a los participantes a comprender el espectro completo de la conciencia humana, desde el trauma y las estructuras del ego hasta los estados ampliados de conciencia. Ofrece herramientas pr\u00e1cticas para la autoindagaci\u00f3n, la sanaci\u00f3n interior y la integraci\u00f3n, todo ello basado en un marco no patologizante y orientado a la evoluci\u00f3n.  <\/p>\n\";}i:13;a:2:{s:13:\"mep_faq_title\";s:82:\"\u00bfQu\u00e9 es la Escuela Consciente y en qu\u00e9 se diferencia de la terapia tradicional?\";s:15:\"mep_faq_content\";s:628:\"<p>La Escuela Consciente es un enfoque que combina las tradiciones m\u00edsticas, la presencia espiritual y la consciencia corporal con un profundo trabajo psicol\u00f3gico. Se centra no s\u00f3lo en la comprensi\u00f3n de las emociones y el comportamiento, sino tambi\u00e9n en la toma de conciencia radical de los mecanismos de la mente y las ilusiones del ego. Hace hincapi\u00e9 en el silencio, la observaci\u00f3n y la quietud interior como herramientas esenciales para el despertar y la integraci\u00f3n. A diferencia de la terapia tradicional, fomenta una comprensi\u00f3n experiencial directa del yo en sus dimensiones m\u00e1s profundas y universales.   <\/p>\n\";}i:14;a:2:{s:13:\"mep_faq_title\";s:82:\"\u00bfPor qu\u00e9 se hace tanto hincapi\u00e9 en el trabajo aut\u00f3nomo para los facilitadores?\";s:15:\"mep_faq_content\";s:431:\"<p>Porque la facilitaci\u00f3n no es s\u00f3lo un papel, es un estado del ser. Un facilitador que no ha hecho su propio trabajo interior corre el riesgo de proyectar, eludir o dominar inconscientemente el proceso de los dem\u00e1s. Esta formaci\u00f3n te invita a convertirte en un ser humano m\u00e1s claro, m\u00e1s enraizado y m\u00e1s compasivo antes de guiar a los dem\u00e1s. El proceso personal no est\u00e1 separado de la formaci\u00f3n; es la formaci\u00f3n.   <\/p>\n\";}i:15;a:2:{s:13:\"mep_faq_title\";s:62:\"\u00bfQui\u00e9n es la Dra. Fara y cu\u00e1l es su papel en la formaci\u00f3n?\";s:15:\"mep_faq_content\";s:702:\"<p>La Dra. Fara es doctora en medicina con amplia formaci\u00f3n en medicina hol\u00edstica e integradora, y desempe\u00f1a un papel vital en este m\u00f3dulo. Dirige los talleres de Salud Integral, aportando un enfoque multidisciplinar y fundamentado que une la medicina occidental, el conocimiento ancestral, la curaci\u00f3n som\u00e1tica, la nutrici\u00f3n y la conciencia energ\u00e9tica. Su presencia en la formaci\u00f3n es esencial para quienes desean comprender las dimensiones biol\u00f3gica, emocional y espiritual de la curaci\u00f3n. Su orientaci\u00f3n ayuda a los participantes no s\u00f3lo a cuidar de los dem\u00e1s, sino tambi\u00e9n a profundizar en su propia autoconciencia y en la encarnaci\u00f3n de la salud como futuros facilitadores.   <\/p>\n\";}}"],"mep_event_type":["sin conexi\u00f3n"],"_elementor_page_assets":["a:0:{}"],"event_feature_image":""},"yoast_head":"<!-- This site is optimized with the Yoast SEO plugin v27.5 - https:\/\/yoast.com\/product\/yoast-seo-wordpress\/ -->\n<title>M\u00f3dulo Gran Salto Mil\u00e1n - Inner Evolution School<\/title>\n<meta name=\"robots\" content=\"index, follow, max-snippet:-1, max-image-preview:large, max-video-preview:-1\" \/>\n<link rel=\"canonical\" href=\"https:\/\/innerevolutionschool.com\/es\/modules\/modulo-gran-salto-milan-2\/\" \/>\n<meta property=\"og:locale\" content=\"es_ES\" \/>\n<meta property=\"og:type\" content=\"article\" \/>\n<meta property=\"og:title\" content=\"M\u00f3dulo Gran Salto Mil\u00e1n - Inner Evolution School\" \/>\n<meta property=\"og:description\" content=\"El umbral interior de la evoluci\u00f3n del facilitador Este no es un taller para quienes buscan m\u00e1s m\u00e9todos o herramientas para ayudar a los dem\u00e1s. Es para quienes est\u00e1n dispuestos a enfrentarse a s\u00ed mismos. En Gran salto est\u00e1 dise\u00f1ado para estudiantes que ya han recorrido el camino de la autoindagaci\u00f3n y ahora sienten queM\u00f3dulo Gran Salto Mil\u00e1n\" \/>\n<meta property=\"og:url\" content=\"https:\/\/innerevolutionschool.com\/es\/modules\/modulo-gran-salto-milan-2\/\" \/>\n<meta property=\"og:site_name\" content=\"Inner Evolution School\" \/>\n<meta property=\"article:modified_time\" content=\"2025-06-19T11:08:52+00:00\" \/>\n<meta name=\"twitter:card\" content=\"summary_large_image\" \/>\n<meta name=\"twitter:label1\" content=\"Tiempo de lectura\" \/>\n\t<meta name=\"twitter:data1\" content=\"2 minutos\" \/>\n<script type=\"application\/ld+json\" class=\"yoast-schema-graph\">{\"@context\":\"https:\\\/\\\/schema.org\",\"@graph\":[{\"@type\":\"WebPage\",\"@id\":\"https:\\\/\\\/innerevolutionschool.com\\\/es\\\/modules\\\/modulo-gran-salto-milan-2\\\/\",\"url\":\"https:\\\/\\\/innerevolutionschool.com\\\/es\\\/modules\\\/modulo-gran-salto-milan-2\\\/\",\"name\":\"M\u00f3dulo Gran Salto Mil\u00e1n - Inner Evolution School\",\"isPartOf\":{\"@id\":\"https:\\\/\\\/innerevolutionschool.com\\\/es\\\/#website\"},\"datePublished\":\"2025-06-19T10:55:33+00:00\",\"dateModified\":\"2025-06-19T11:08:52+00:00\",\"breadcrumb\":{\"@id\":\"https:\\\/\\\/innerevolutionschool.com\\\/es\\\/modules\\\/modulo-gran-salto-milan-2\\\/#breadcrumb\"},\"inLanguage\":\"es\",\"potentialAction\":[{\"@type\":\"ReadAction\",\"target\":[\"https:\\\/\\\/innerevolutionschool.com\\\/es\\\/modules\\\/modulo-gran-salto-milan-2\\\/\"]}]},{\"@type\":\"BreadcrumbList\",\"@id\":\"https:\\\/\\\/innerevolutionschool.com\\\/es\\\/modules\\\/modulo-gran-salto-milan-2\\\/#breadcrumb\",\"itemListElement\":[{\"@type\":\"ListItem\",\"position\":1,\"name\":\"Home\",\"item\":\"https:\\\/\\\/innerevolutionschool.com\\\/es\\\/escuela-de-evolucion-interior-ies-2\\\/\"},{\"@type\":\"ListItem\",\"position\":2,\"name\":\"M\u00f3dulo Gran Salto Mil\u00e1n\"}]},{\"@type\":\"WebSite\",\"@id\":\"https:\\\/\\\/innerevolutionschool.com\\\/es\\\/#website\",\"url\":\"https:\\\/\\\/innerevolutionschool.com\\\/es\\\/\",\"name\":\"Inner Evolution School\",\"description\":\"An innovative training model dedicated to the science of the internal.\",\"publisher\":{\"@id\":\"https:\\\/\\\/innerevolutionschool.com\\\/es\\\/#organization\"},\"potentialAction\":[{\"@type\":\"SearchAction\",\"target\":{\"@type\":\"EntryPoint\",\"urlTemplate\":\"https:\\\/\\\/innerevolutionschool.com\\\/es\\\/?s={search_term_string}\"},\"query-input\":{\"@type\":\"PropertyValueSpecification\",\"valueRequired\":true,\"valueName\":\"search_term_string\"}}],\"inLanguage\":\"es\"},{\"@type\":\"Organization\",\"@id\":\"https:\\\/\\\/innerevolutionschool.com\\\/es\\\/#organization\",\"name\":\"Inner Evolution School\",\"url\":\"https:\\\/\\\/innerevolutionschool.com\\\/es\\\/\",\"logo\":{\"@type\":\"ImageObject\",\"inLanguage\":\"es\",\"@id\":\"https:\\\/\\\/innerevolutionschool.com\\\/es\\\/#\\\/schema\\\/logo\\\/image\\\/\",\"url\":\"https:\\\/\\\/innerevolutionschool.com\\\/wp-content\\\/uploads\\\/2025\\\/03\\\/hero-inner-evolution-school.png\",\"contentUrl\":\"https:\\\/\\\/innerevolutionschool.com\\\/wp-content\\\/uploads\\\/2025\\\/03\\\/hero-inner-evolution-school.png\",\"width\":1456,\"height\":816,\"caption\":\"Inner Evolution School\"},\"image\":{\"@id\":\"https:\\\/\\\/innerevolutionschool.com\\\/es\\\/#\\\/schema\\\/logo\\\/image\\\/\"}}]}<\/script>\n<!-- \/ Yoast SEO plugin. -->","yoast_head_json":{"title":"M\u00f3dulo Gran Salto Mil\u00e1n - Inner Evolution School","robots":{"index":"index","follow":"follow","max-snippet":"max-snippet:-1","max-image-preview":"max-image-preview:large","max-video-preview":"max-video-preview:-1"},"canonical":"https:\/\/innerevolutionschool.com\/es\/modules\/modulo-gran-salto-milan-2\/","og_locale":"es_ES","og_type":"article","og_title":"M\u00f3dulo Gran Salto Mil\u00e1n - Inner Evolution School","og_description":"El umbral interior de la evoluci\u00f3n del facilitador Este no es un taller para quienes buscan m\u00e1s m\u00e9todos o herramientas para ayudar a los dem\u00e1s. Es para quienes est\u00e1n dispuestos a enfrentarse a s\u00ed mismos. En Gran salto est\u00e1 dise\u00f1ado para estudiantes que ya han recorrido el camino de la autoindagaci\u00f3n y ahora sienten queM\u00f3dulo Gran Salto Mil\u00e1n","og_url":"https:\/\/innerevolutionschool.com\/es\/modules\/modulo-gran-salto-milan-2\/","og_site_name":"Inner Evolution School","article_modified_time":"2025-06-19T11:08:52+00:00","twitter_card":"summary_large_image","twitter_misc":{"Tiempo de lectura":"2 minutos"},"schema":{"@context":"https:\/\/schema.org","@graph":[{"@type":"WebPage","@id":"https:\/\/innerevolutionschool.com\/es\/modules\/modulo-gran-salto-milan-2\/","url":"https:\/\/innerevolutionschool.com\/es\/modules\/modulo-gran-salto-milan-2\/","name":"M\u00f3dulo Gran Salto Mil\u00e1n - Inner Evolution School","isPartOf":{"@id":"https:\/\/innerevolutionschool.com\/es\/#website"},"datePublished":"2025-06-19T10:55:33+00:00","dateModified":"2025-06-19T11:08:52+00:00","breadcrumb":{"@id":"https:\/\/innerevolutionschool.com\/es\/modules\/modulo-gran-salto-milan-2\/#breadcrumb"},"inLanguage":"es","potentialAction":[{"@type":"ReadAction","target":["https:\/\/innerevolutionschool.com\/es\/modules\/modulo-gran-salto-milan-2\/"]}]},{"@type":"BreadcrumbList","@id":"https:\/\/innerevolutionschool.com\/es\/modules\/modulo-gran-salto-milan-2\/#breadcrumb","itemListElement":[{"@type":"ListItem","position":1,"name":"Home","item":"https:\/\/innerevolutionschool.com\/es\/escuela-de-evolucion-interior-ies-2\/"},{"@type":"ListItem","position":2,"name":"M\u00f3dulo Gran Salto Mil\u00e1n"}]},{"@type":"WebSite","@id":"https:\/\/innerevolutionschool.com\/es\/#website","url":"https:\/\/innerevolutionschool.com\/es\/","name":"Inner Evolution School","description":"An innovative training model dedicated to the science of the internal.","publisher":{"@id":"https:\/\/innerevolutionschool.com\/es\/#organization"},"potentialAction":[{"@type":"SearchAction","target":{"@type":"EntryPoint","urlTemplate":"https:\/\/innerevolutionschool.com\/es\/?s={search_term_string}"},"query-input":{"@type":"PropertyValueSpecification","valueRequired":true,"valueName":"search_term_string"}}],"inLanguage":"es"},{"@type":"Organization","@id":"https:\/\/innerevolutionschool.com\/es\/#organization","name":"Inner Evolution School","url":"https:\/\/innerevolutionschool.com\/es\/","logo":{"@type":"ImageObject","inLanguage":"es","@id":"https:\/\/innerevolutionschool.com\/es\/#\/schema\/logo\/image\/","url":"https:\/\/innerevolutionschool.com\/wp-content\/uploads\/2025\/03\/hero-inner-evolution-school.png","contentUrl":"https:\/\/innerevolutionschool.com\/wp-content\/uploads\/2025\/03\/hero-inner-evolution-school.png","width":1456,"height":816,"caption":"Inner Evolution School"},"image":{"@id":"https:\/\/innerevolutionschool.com\/es\/#\/schema\/logo\/image\/"}}]}},"_links":{"self":[{"href":"https:\/\/innerevolutionschool.com\/es\/wp-json\/wp\/v2\/mep_events\/6485","targetHints":{"allow":["GET"]}}],"collection":[{"href":"https:\/\/innerevolutionschool.com\/es\/wp-json\/wp\/v2\/mep_events"}],"about":[{"href":"https:\/\/innerevolutionschool.com\/es\/wp-json\/wp\/v2\/types\/mep_events"}],"version-history":[{"count":1,"href":"https:\/\/innerevolutionschool.com\/es\/wp-json\/wp\/v2\/mep_events\/6485\/revisions"}],"predecessor-version":[{"id":6490,"href":"https:\/\/innerevolutionschool.com\/es\/wp-json\/wp\/v2\/mep_events\/6485\/revisions\/6490"}],"wp:attachment":[{"href":"https:\/\/innerevolutionschool.com\/es\/wp-json\/wp\/v2\/media?parent=6485"}],"wp:term":[{"taxonomy":"product_cat","embeddable":true,"href":"https:\/\/innerevolutionschool.com\/es\/wp-json\/wp\/v2\/product_cat?post=6485"},{"taxonomy":"mep_cat","embeddable":true,"href":"https:\/\/innerevolutionschool.com\/es\/wp-json\/wp\/v2\/mep_cat?post=6485"},{"taxonomy":"mep_org","embeddable":true,"href":"https:\/\/innerevolutionschool.com\/es\/wp-json\/wp\/v2\/mep_org?post=6485"},{"taxonomy":"mep_tag","embeddable":true,"href":"https:\/\/innerevolutionschool.com\/es\/wp-json\/wp\/v2\/mep_tag?post=6485"}],"curies":[{"name":"wp","href":"https:\/\/api.w.org\/{rel}","templated":true}]}}